{"id":7318,"date":"2021-06-21T15:38:04","date_gmt":"2021-06-21T13:38:04","guid":{"rendered":"https:\/\/www.bastero.eus\/?page_id=7318"},"modified":"2025-07-03T11:55:19","modified_gmt":"2025-07-03T09:55:19","slug":"festival-de-rock","status":"publish","type":"page","link":"https:\/\/www.bastero.eus\/es\/programacion-especial\/festival-de-rock\/","title":{"rendered":"Festival de Rock"},"content":{"rendered":"<p>[et_pb_section fb_built=\u00bb1&#8243; _builder_version=\u00bb4.16&#8243; custom_padding=\u00bb0px||0px|\u00bb global_colors_info=\u00bb{}\u00bb][et_pb_row _builder_version=\u00bb4.27.4&#8243; global_colors_info=\u00bb{}\u00bb background_enable_image=\u00bboff\u00bb][et_pb_column type=\u00bb4_4&#8243; _builder_version=\u00bb4.16&#8243; custom_padding=\u00bb|||\u00bb global_colors_info=\u00bb{}\u00bb custom_padding__hover=\u00bb|||\u00bb][et_pb_text _builder_version=\u00bb4.16&#8243; global_colors_info=\u00bb{}\u00bb]<\/p>\n<h1><span style=\"color: #1d3e71;\">Festival de Rock de Andoain<\/span><\/h1>\n<p>[\/et_pb_text][\/et_pb_column][\/et_pb_row][\/et_pb_section][et_pb_section fb_built=\u00bb1&#8243; _builder_version=\u00bb4.16&#8243; custom_margin=\u00bb0px|||\u00bb custom_padding=\u00bb0px|||\u00bb global_colors_info=\u00bb{}\u00bb][et_pb_row column_structure=\u00bb1_2,1_2&#8243; use_custom_gutter=\u00bbon\u00bb gutter_width=\u00bb1&#8243; make_equal=\u00bbon\u00bb module_class=\u00bbkale-programazioa\u00bb _builder_version=\u00bb4.27.4&#8243; custom_margin=\u00bb0px|||\u00bb global_colors_info=\u00bb{}\u00bb background_enable_image=\u00bboff\u00bb][et_pb_column type=\u00bb1_2&#8243; _builder_version=\u00bb4.16&#8243; custom_padding=\u00bb|||\u00bb global_colors_info=\u00bb{}\u00bb custom_padding__hover=\u00bb|||\u00bb][et_pb_image src=\u00bbhttps:\/\/www.andoaingorockjaialdia.com\/wp-content\/uploads\/2024\/06\/horarios-2024_v-724&#215;1024.jpg\u00bb title_text=\u00bbcartel-web-2&#8243; align_tablet=\u00bbcenter\u00bb align_phone=\u00bb\u00bb align_last_edited=\u00bbon|tablet\u00bb _builder_version=\u00bb4.25.1&#8243; width=\u00bb100%\u00bb always_center_on_mobile=\u00bbon\u00bb global_colors_info=\u00bb{}\u00bb][\/et_pb_image][\/et_pb_column][et_pb_column type=\u00bb1_2&#8243; _builder_version=\u00bb4.16&#8243; custom_padding=\u00bb|||\u00bb global_colors_info=\u00bb{}\u00bb custom_padding__hover=\u00bb|||\u00bb][et_pb_text _builder_version=\u00bb4.25.1&#8243; text_font=\u00bbFutura||||||||\u00bb header_font=\u00bbFutura||||||||\u00bb vertical_offset_tablet=\u00bb0&#8243; horizontal_offset_tablet=\u00bb0&#8243; z_index_tablet=\u00bb0&#8243; text_text_shadow_vertical_length_tablet=\u00bb0px\u00bb text_text_shadow_blur_strength_tablet=\u00bb1px\u00bb link_text_shadow_horizontal_length_tablet=\u00bb0px\u00bb link_text_shadow_vertical_length_tablet=\u00bb0px\u00bb link_text_shadow_blur_strength_tablet=\u00bb1px\u00bb ul_text_shadow_horizontal_length_tablet=\u00bb0px\u00bb ul_text_shadow_vertical_length_tablet=\u00bb0px\u00bb ul_text_shadow_blur_strength_tablet=\u00bb1px\u00bb ol_text_shadow_horizontal_length_tablet=\u00bb0px\u00bb ol_text_shadow_vertical_length_tablet=\u00bb0px\u00bb ol_text_shadow_blur_strength_tablet=\u00bb1px\u00bb quote_text_shadow_horizontal_length_tablet=\u00bb0px\u00bb quote_text_shadow_vertical_length_tablet=\u00bb0px\u00bb quote_text_shadow_blur_strength_tablet=\u00bb1px\u00bb header_text_shadow_horizontal_length_tablet=\u00bb0px\u00bb header_text_shadow_vertical_length_tablet=\u00bb0px\u00bb header_text_shadow_blur_strength_tablet=\u00bb1px\u00bb header_2_text_shadow_horizontal_length_tablet=\u00bb0px\u00bb header_2_text_shadow_vertical_length_tablet=\u00bb0px\u00bb header_2_text_shadow_blur_strength_tablet=\u00bb1px\u00bb header_3_text_shadow_horizontal_length_tablet=\u00bb0px\u00bb header_3_text_shadow_vertical_length_tablet=\u00bb0px\u00bb header_3_text_shadow_blur_strength_tablet=\u00bb1px\u00bb header_4_text_shadow_horizontal_length_tablet=\u00bb0px\u00bb header_4_text_shadow_vertical_length_tablet=\u00bb0px\u00bb header_4_text_shadow_blur_strength_tablet=\u00bb1px\u00bb header_5_text_shadow_horizontal_length_tablet=\u00bb0px\u00bb header_5_text_shadow_vertical_length_tablet=\u00bb0px\u00bb header_5_text_shadow_blur_strength_tablet=\u00bb1px\u00bb header_6_text_shadow_horizontal_length_tablet=\u00bb0px\u00bb header_6_text_shadow_vertical_length_tablet=\u00bb0px\u00bb header_6_text_shadow_blur_strength_tablet=\u00bb1px\u00bb box_shadow_horizontal_tablet=\u00bb0px\u00bb box_shadow_vertical_tablet=\u00bb0px\u00bb box_shadow_blur_tablet=\u00bb40px\u00bb box_shadow_spread_tablet=\u00bb0px\u00bb inline_fonts=\u00bbFutura\u00bb global_colors_info=\u00bb{}\u00bb]<\/p>\n<h2>Edici\u00f3n 2024<\/h2>\n<p class=\"s11\">XVI. El Festival de Rock de Andoain traer\u00e1 a grupos internacionales y locales de rock.<\/p>\n<p class=\"s11\">El festival, que se celebrar\u00e1 el 15 de junio, tendr\u00e1 como protagonistas a varios grupos vascos e internacionales. Entre ellos, Ithaka, Pinpilinpussies, Howlin&#8217; Jaws, The Bug Club, Goat Girl y Tramhaus compartir\u00e1n escenario en la plaza de Navarra, a partir de las 18:00 horas. Antes, sobre las 15:00 horas, habr\u00e1 una sesi\u00f3n de lujo con Olibia DJ y Jessi Mary Chaim DJ en Goikoplaza. Un a\u00f1o m\u00e1s, hacia el mediod\u00eda se celebrar\u00e1 un programa especial de Aperitif (Indabe, Amorante y Munlet plays Devo).<\/p>\n<p>&nbsp;<\/p>\n<p><span style=\"font-family: Futura;\">M\u00e1s informaci\u00f3n:<\/span><\/p>\n<blockquote class=\"wp-embedded-content\" data-secret=\"TJMGIq0Lbv\"><p><a href=\"https:\/\/www.andoaingorockjaialdia.com\/es\/\">Andoaingo Rock Jaialdia<\/a><\/p><\/blockquote>\n<p><iframe loading=\"lazy\" class=\"wp-embedded-content\" sandbox=\"allow-scripts\" security=\"restricted\" style=\"position: absolute; clip: rect(1px, 1px, 1px, 1px);\" title=\"\u00abAndoaingo Rock Jaialdia\u00bb \u2014 andoaingorockjaialdia.com\" src=\"https:\/\/www.andoaingorockjaialdia.com\/es\/embed\/#?secret=36mdtCCR9x#?secret=TJMGIq0Lbv\" data-secret=\"TJMGIq0Lbv\" width=\"600\" height=\"338\" frameborder=\"0\" marginwidth=\"0\" marginheight=\"0\" scrolling=\"no\"><\/iframe><\/p>\n<p>&nbsp;<\/p>\n<p><span style=\"font-family: Futura;\"><\/span><\/p>\n<p>&nbsp;<\/p>\n<p><span style=\"font-family: Futura;\"><\/span><\/p>\n<p>&nbsp;<\/p>\n<p><span style=\"font-family: Futura;\"><\/span><\/p>\n<p>&nbsp;<\/p>\n<p>[\/et_pb_text][\/et_pb_column][\/et_pb_row][et_pb_row column_structure=\u00bb1_2,1_2&#8243; use_custom_gutter=\u00bbon\u00bb gutter_width=\u00bb1&#8243; make_equal=\u00bbon\u00bb module_class=\u00bbkale-programazioa\u00bb _builder_version=\u00bb4.27.4&#8243; custom_margin=\u00bb0px|||\u00bb global_colors_info=\u00bb{}\u00bb background_enable_image=\u00bboff\u00bb][et_pb_column type=\u00bb1_2&#8243; _builder_version=\u00bb4.16&#8243; custom_padding=\u00bb|||\u00bb global_colors_info=\u00bb{}\u00bb custom_padding__hover=\u00bb|||\u00bb][et_pb_image src=\u00bbhttps:\/\/www.bastero.eus\/wp-content\/uploads\/2023\/06\/cartel-web-2.jpg\u00bb title_text=\u00bbcartel-web-2&#8243; align_tablet=\u00bbcenter\u00bb align_phone=\u00bb\u00bb align_last_edited=\u00bbon|tablet\u00bb _builder_version=\u00bb4.16&#8243; width=\u00bb100%\u00bb always_center_on_mobile=\u00bbon\u00bb global_colors_info=\u00bb{}\u00bb][\/et_pb_image][\/et_pb_column][et_pb_column type=\u00bb1_2&#8243; _builder_version=\u00bb4.16&#8243; custom_padding=\u00bb|||\u00bb global_colors_info=\u00bb{}\u00bb custom_padding__hover=\u00bb|||\u00bb][et_pb_text _builder_version=\u00bb4.16&#8243; text_font=\u00bbFutura||||||||\u00bb header_font=\u00bbFutura||||||||\u00bb vertical_offset_tablet=\u00bb0&#8243; horizontal_offset_tablet=\u00bb0&#8243; z_index_tablet=\u00bb0&#8243; text_text_shadow_vertical_length_tablet=\u00bb0px\u00bb text_text_shadow_blur_strength_tablet=\u00bb1px\u00bb link_text_shadow_horizontal_length_tablet=\u00bb0px\u00bb link_text_shadow_vertical_length_tablet=\u00bb0px\u00bb link_text_shadow_blur_strength_tablet=\u00bb1px\u00bb ul_text_shadow_horizontal_length_tablet=\u00bb0px\u00bb ul_text_shadow_vertical_length_tablet=\u00bb0px\u00bb ul_text_shadow_blur_strength_tablet=\u00bb1px\u00bb ol_text_shadow_horizontal_length_tablet=\u00bb0px\u00bb ol_text_shadow_vertical_length_tablet=\u00bb0px\u00bb ol_text_shadow_blur_strength_tablet=\u00bb1px\u00bb quote_text_shadow_horizontal_length_tablet=\u00bb0px\u00bb quote_text_shadow_vertical_length_tablet=\u00bb0px\u00bb quote_text_shadow_blur_strength_tablet=\u00bb1px\u00bb header_text_shadow_horizontal_length_tablet=\u00bb0px\u00bb header_text_shadow_vertical_length_tablet=\u00bb0px\u00bb header_text_shadow_blur_strength_tablet=\u00bb1px\u00bb header_2_text_shadow_horizontal_length_tablet=\u00bb0px\u00bb header_2_text_shadow_vertical_length_tablet=\u00bb0px\u00bb header_2_text_shadow_blur_strength_tablet=\u00bb1px\u00bb header_3_text_shadow_horizontal_length_tablet=\u00bb0px\u00bb header_3_text_shadow_vertical_length_tablet=\u00bb0px\u00bb header_3_text_shadow_blur_strength_tablet=\u00bb1px\u00bb header_4_text_shadow_horizontal_length_tablet=\u00bb0px\u00bb header_4_text_shadow_vertical_length_tablet=\u00bb0px\u00bb header_4_text_shadow_blur_strength_tablet=\u00bb1px\u00bb header_5_text_shadow_horizontal_length_tablet=\u00bb0px\u00bb header_5_text_shadow_vertical_length_tablet=\u00bb0px\u00bb header_5_text_shadow_blur_strength_tablet=\u00bb1px\u00bb header_6_text_shadow_horizontal_length_tablet=\u00bb0px\u00bb header_6_text_shadow_vertical_length_tablet=\u00bb0px\u00bb header_6_text_shadow_blur_strength_tablet=\u00bb1px\u00bb box_shadow_horizontal_tablet=\u00bb0px\u00bb box_shadow_vertical_tablet=\u00bb0px\u00bb box_shadow_blur_tablet=\u00bb40px\u00bb box_shadow_spread_tablet=\u00bb0px\u00bb inline_fonts=\u00bbFutura\u00bb global_colors_info=\u00bb{}\u00bb]<\/p>\n<h2>Edici\u00f3n 2023<\/h2>\n<h3 class=\"s11\"><span style=\"font-family: Futura; font-weight: normal;\">El XV. Festival de Rock de Andoain traer\u00e1 las melod\u00edas rock m\u00e1s actuales de fuera y de casa\u00a0<\/span><\/h3>\n<h3 class=\"s11\"><span style=\"font-size: 18px; color: #666666; font-weight: 500;\">Los estadounidenses Black Lips son la banda estrella del festival que se celebrar\u00e1 el 10 de\u00a0junio. Junto a ellos, compartir\u00e1n escenario en la Plaza Nafarroa The Schizophonics, The Giant\u00a0<\/span><span style=\"font-size: 18px; color: #666666; font-weight: 500;\">Robots, The Courettes, Chocolat Billy y Nize, a partir de las 18:00 horas. Un a\u00f1o m\u00e1s, en torno\u00a0<\/span><span style=\"font-size: 18px; color: #666666; font-weight: 500;\">al mediod\u00eda se realizar\u00e1 una nueva edici\u00f3n del Aperitif (Arima, Siglas y Krin).<\/span><\/h3>\n<p>&nbsp;<\/p>\n<p><span style=\"font-family: Futura;\"><a href=\"https:\/\/www.bastero.eus\/es\/el-xv-festival-de-rock-de-andoain-traera-las-melodias-rock-mas-actuales-de-fuera-y-de-casa\/\" target=\"_blank\" rel=\"noopener noreferrer\">M\u00e1s informaci\u00f3n<\/a><\/span><\/p>\n<p><span style=\"font-family: Futura;\"><\/span><\/p>\n<p><a href=\"https:\/\/www.bastero.eus\/es\/imagenes-rock-jaialdia-2023\/\"><span style=\"color: #1d3e71;\">\u00c1LBUM DE FOTOS<\/span><\/a><span style=\"font-family: Futura;\"><\/span><\/p>\n<p>&nbsp;<\/p>\n<p><span style=\"font-family: Futura;\"><\/span><\/p>\n<p>&nbsp;<\/p>\n<p><span style=\"font-family: Futura;\"><\/span><\/p>\n<p>&nbsp;<\/p>\n<p><span style=\"font-family: Futura;\"><\/span><\/p>\n<p>&nbsp;<\/p>\n<p>[\/et_pb_text][\/et_pb_column][\/et_pb_row][et_pb_row _builder_version=\u00bb4.27.4&#8243; _module_preset=\u00bbdefault\u00bb global_colors_info=\u00bb{}\u00bb background_enable_image=\u00bboff\u00bb][et_pb_column type=\u00bb4_4&#8243; _builder_version=\u00bb4.16&#8243; _module_preset=\u00bbdefault\u00bb global_colors_info=\u00bb{}\u00bb][et_pb_code _builder_version=\u00bb4.16&#8243; _module_preset=\u00bbdefault\u00bb global_colors_info=\u00bb{}\u00bb]<iframe loading=\"lazy\" width=\"560\" height=\"315\" src=\"https:\/\/www.youtube.com\/embed\/hO1g_dJX2mQ\" title=\"YouTube video player\" frameborder=\"0\" allow=\"accelerometer; autoplay; clipboard-write; encrypted-media; gyroscope; picture-in-picture; web-share\" allowfullscreen><\/iframe>[\/et_pb_code][\/et_pb_column][\/et_pb_row][et_pb_row column_structure=\u00bb1_2,1_2&#8243; use_custom_gutter=\u00bbon\u00bb gutter_width=\u00bb1&#8243; make_equal=\u00bbon\u00bb module_class=\u00bbkale-programazioa\u00bb _builder_version=\u00bb4.27.4&#8243; custom_margin=\u00bb0px|||\u00bb global_colors_info=\u00bb{}\u00bb background_enable_image=\u00bboff\u00bb][et_pb_column type=\u00bb1_2&#8243; _builder_version=\u00bb4.16&#8243; custom_padding=\u00bb|||\u00bb global_colors_info=\u00bb{}\u00bb custom_padding__hover=\u00bb|||\u00bb][et_pb_image src=\u00bbhttps:\/\/www.bastero.eus\/wp-content\/uploads\/2022\/03\/cartel-A2-aperitiv-scaled.jpg\u00bb title_text=\u00bbRock Jaialdia 2022&#8243; align_tablet=\u00bbcenter\u00bb align_phone=\u00bb\u00bb align_last_edited=\u00bbon|tablet\u00bb _builder_version=\u00bb4.16&#8243; width=\u00bb100%\u00bb always_center_on_mobile=\u00bbon\u00bb global_colors_info=\u00bb{}\u00bb][\/et_pb_image][\/et_pb_column][et_pb_column type=\u00bb1_2&#8243; _builder_version=\u00bb4.16&#8243; custom_padding=\u00bb|||\u00bb global_colors_info=\u00bb{}\u00bb custom_padding__hover=\u00bb|||\u00bb][et_pb_text _builder_version=\u00bb4.16&#8243; text_font=\u00bbFutura||||||||\u00bb header_font=\u00bbFutura||||||||\u00bb vertical_offset_tablet=\u00bb0&#8243; horizontal_offset_tablet=\u00bb0&#8243; z_index_tablet=\u00bb0&#8243; text_text_shadow_vertical_length_tablet=\u00bb0px\u00bb text_text_shadow_blur_strength_tablet=\u00bb1px\u00bb link_text_shadow_horizontal_length_tablet=\u00bb0px\u00bb link_text_shadow_vertical_length_tablet=\u00bb0px\u00bb link_text_shadow_blur_strength_tablet=\u00bb1px\u00bb ul_text_shadow_horizontal_length_tablet=\u00bb0px\u00bb ul_text_shadow_vertical_length_tablet=\u00bb0px\u00bb ul_text_shadow_blur_strength_tablet=\u00bb1px\u00bb ol_text_shadow_horizontal_length_tablet=\u00bb0px\u00bb ol_text_shadow_vertical_length_tablet=\u00bb0px\u00bb ol_text_shadow_blur_strength_tablet=\u00bb1px\u00bb quote_text_shadow_horizontal_length_tablet=\u00bb0px\u00bb quote_text_shadow_vertical_length_tablet=\u00bb0px\u00bb quote_text_shadow_blur_strength_tablet=\u00bb1px\u00bb header_text_shadow_horizontal_length_tablet=\u00bb0px\u00bb header_text_shadow_vertical_length_tablet=\u00bb0px\u00bb header_text_shadow_blur_strength_tablet=\u00bb1px\u00bb header_2_text_shadow_horizontal_length_tablet=\u00bb0px\u00bb header_2_text_shadow_vertical_length_tablet=\u00bb0px\u00bb header_2_text_shadow_blur_strength_tablet=\u00bb1px\u00bb header_3_text_shadow_horizontal_length_tablet=\u00bb0px\u00bb header_3_text_shadow_vertical_length_tablet=\u00bb0px\u00bb header_3_text_shadow_blur_strength_tablet=\u00bb1px\u00bb header_4_text_shadow_horizontal_length_tablet=\u00bb0px\u00bb header_4_text_shadow_vertical_length_tablet=\u00bb0px\u00bb header_4_text_shadow_blur_strength_tablet=\u00bb1px\u00bb header_5_text_shadow_horizontal_length_tablet=\u00bb0px\u00bb header_5_text_shadow_vertical_length_tablet=\u00bb0px\u00bb header_5_text_shadow_blur_strength_tablet=\u00bb1px\u00bb header_6_text_shadow_horizontal_length_tablet=\u00bb0px\u00bb header_6_text_shadow_vertical_length_tablet=\u00bb0px\u00bb header_6_text_shadow_blur_strength_tablet=\u00bb1px\u00bb box_shadow_horizontal_tablet=\u00bb0px\u00bb box_shadow_vertical_tablet=\u00bb0px\u00bb box_shadow_blur_tablet=\u00bb40px\u00bb box_shadow_spread_tablet=\u00bb0px\u00bb inline_fonts=\u00bbFutura\u00bb global_colors_info=\u00bb{}\u00bb]<\/p>\n<h2>Edici\u00f3n 2022<\/h2>\n<h3 class=\"s11\"><span style=\"font-family: Futura; font-weight: normal;\"><span class=\"s10\">El Festival de Rock de <\/span><span class=\"s10\">Andoain<\/span><span class=\"s10\"> r<\/span><span class=\"s10\">etoma su esencia<\/span><span class=\"s10\">,<\/span><span class=\"s10\">en la Plaza <\/span><span class=\"s10\">Nafarroa<\/span><span class=\"s10\">, <\/span><span class=\"s10\">para volver a lo grande<\/span><\/span><\/h3>\n<div class=\"s14\"><span class=\"s13\"><span class=\"bumpedFont15\"><\/span><\/span><\/div>\n<div class=\"s14\"><span class=\"s13\"><span class=\"bumpedFont15\"><\/span><\/span><\/div>\n<div class=\"s14\"><span class=\"s13\"><span class=\"bumpedFont15\"><\/span><\/span><\/div>\n<div class=\"s14\"><span class=\"s13\"><span class=\"bumpedFont15\"><\/span><\/span><\/div>\n<div class=\"s14\"><span class=\"s13\"><span class=\"bumpedFont15\">El cartel d<\/span><\/span><span class=\"s13\"><span class=\"bumpedFont15\">el festival del pr\u00f3ximo 11 de junio <\/span><\/span><span class=\"s13\"><span class=\"bumpedFont15\">est\u00e1 compuesto por El Drogas,<\/span><\/span> <span class=\"s13\"><span class=\"bumpedFont15\">The<\/span><\/span> <span class=\"s13\"><span class=\"bumpedFont15\">Limi\u00f1anas<\/span><\/span><span class=\"s13\"><span class=\"bumpedFont15\">, <\/span><\/span><span class=\"s13\"><span class=\"bumpedFont15\">The<\/span><\/span><span class=\"s13\"><span class=\"bumpedFont15\">Hanging<\/span><\/span> <span class=\"s13\"><span class=\"bumpedFont15\">Stars<\/span><\/span><span class=\"s13\"><span class=\"bumpedFont15\">, <\/span><\/span><span class=\"s13\"><span class=\"bumpedFont15\">&#8211;<\/span><\/span><span class=\"s13\"><span class=\"bumpedFont15\">Gailu<\/span><\/span><span class=\"s13\"><span class=\"bumpedFont15\">, <\/span><\/span><span class=\"s13\"><span class=\"bumpedFont15\">Parlor<\/span><\/span> <span class=\"s13\"><span class=\"bumpedFont15\">Snakes<\/span><\/span><span class=\"s13\"><span class=\"bumpedFont15\"> y Melenas.<\/span><\/span><\/div>\n<div>\u00a0<\/div>\n<div class=\"s14\"><span class=\"s13\"><span class=\"bumpedFont15\">Regresa tambi\u00e9n la din\u00e1mica <\/span><\/span><span class=\"s13\"><span class=\"bumpedFont15\">\u2018<\/span><\/span><span class=\"s13\"><span class=\"bumpedFont15\">Ap<\/span><\/span><span class=\"s13\"><span class=\"bumpedFont15\">e<\/span><\/span><span class=\"s13\"><span class=\"bumpedFont15\">riti<\/span><\/span><span class=\"s13\"><span class=\"bumpedFont15\">f<\/span><\/span><span class=\"s13\"><span class=\"bumpedFont15\">\u2019<\/span><\/span><span class=\"s13\"><span class=\"bumpedFont15\"> con <\/span><\/span><span class=\"s13\"><span class=\"bumpedFont15\">sus <\/span><\/span><span class=\"s13\"><span class=\"bumpedFont15\">conciertos de peque\u00f1o formato al mediod\u00eda<\/span><\/span><span class=\"s13\"><span class=\"bumpedFont15\"> en plaza <\/span><\/span><span class=\"s13\"><span class=\"bumpedFont15\">Zumea<\/span><\/span><span class=\"s13\"><span class=\"bumpedFont15\">, Juanita <\/span><\/span><span class=\"s13\"><span class=\"bumpedFont15\">Alkain<\/span><\/span><span class=\"s13\"><span class=\"bumpedFont15\"> y <\/span><\/span><span class=\"s13\"><span class=\"bumpedFont15\">Goikoplaza<\/span><\/span><span class=\"s13\"><span class=\"bumpedFont15\">.<\/span><\/span><\/div>\n<p>&nbsp;<\/p>\n<p><span style=\"font-family: Futura;\"><a href=\"https:\/\/www.bastero.eus\/es\/el-festival-de-rock-de-andoain-retoma-su-esencia-en-la-plaza-nafarroa-para-volver-a-lo-grande\/\" target=\"_blank\" rel=\"noopener noreferrer\">M\u00e1s informaci\u00f3n<\/a><\/span><\/p>\n<p><span style=\"font-family: Futura;\"><\/span><\/p>\n<p><a href=\"https:\/\/www.bastero.eus\/es\/imagenes-rock-jaialdia-2022\/\"><span style=\"color: #1d3e71;\">\u00c1LBUM DE FOTOS<\/span><\/a><span style=\"font-family: Futura;\"><\/span><\/p>\n<p><span style=\"font-family: Futura;\"><\/span><\/p>\n<p><span style=\"font-family: Futura;\"><\/span><\/p>\n<p><span style=\"font-family: Futura;\"><\/span><\/p>\n<p>[\/et_pb_text][\/et_pb_column][\/et_pb_row][et_pb_row _builder_version=\u00bb4.27.4&#8243; _module_preset=\u00bbdefault\u00bb global_colors_info=\u00bb{}\u00bb background_enable_image=\u00bboff\u00bb][et_pb_column type=\u00bb4_4&#8243; _builder_version=\u00bb4.16&#8243; _module_preset=\u00bbdefault\u00bb global_colors_info=\u00bb{}\u00bb][et_pb_code _builder_version=\u00bb4.16&#8243; _module_preset=\u00bbdefault\u00bb global_colors_info=\u00bb{}\u00bb]<iframe loading=\"lazy\" width=\"560\" height=\"315\" src=\"https:\/\/www.youtube.com\/embed\/GDNQmjT7LaA\" title=\"YouTube video player\" frameborder=\"0\" allow=\"accelerometer; autoplay; clipboard-write; encrypted-media; gyroscope; picture-in-picture; web-share\" allowfullscreen><\/iframe>[\/et_pb_code][\/et_pb_column][\/et_pb_row][et_pb_row column_structure=\u00bb1_2,1_2&#8243; use_custom_gutter=\u00bbon\u00bb gutter_width=\u00bb1&#8243; make_equal=\u00bbon\u00bb module_class=\u00bbkale-programazioa\u00bb _builder_version=\u00bb4.27.4&#8243; custom_margin=\u00bb0px|||\u00bb global_colors_info=\u00bb{}\u00bb background_enable_image=\u00bboff\u00bb][et_pb_column type=\u00bb1_2&#8243; _builder_version=\u00bb4.16&#8243; custom_padding=\u00bb|||\u00bb global_colors_info=\u00bb{}\u00bb custom_padding__hover=\u00bb|||\u00bb][et_pb_image src=\u00bbhttps:\/\/www.bastero.eus\/wp-content\/uploads\/2021\/05\/Rock-Jaialdia-Kartela.jpg\u00bb title_text=\u00bbRock Jaialdia Kartela\u00bb align_tablet=\u00bbcenter\u00bb align_phone=\u00bb\u00bb align_last_edited=\u00bbon|tablet\u00bb _builder_version=\u00bb4.16&#8243; width=\u00bb100%\u00bb always_center_on_mobile=\u00bbon\u00bb global_colors_info=\u00bb{}\u00bb][\/et_pb_image][\/et_pb_column][et_pb_column type=\u00bb1_2&#8243; _builder_version=\u00bb4.16&#8243; custom_padding=\u00bb|||\u00bb global_colors_info=\u00bb{}\u00bb custom_padding__hover=\u00bb|||\u00bb][et_pb_text _builder_version=\u00bb4.16&#8243; vertical_offset_tablet=\u00bb0&#8243; horizontal_offset_tablet=\u00bb0&#8243; z_index_tablet=\u00bb0&#8243; text_text_shadow_vertical_length_tablet=\u00bb0px\u00bb text_text_shadow_blur_strength_tablet=\u00bb1px\u00bb link_text_shadow_horizontal_length_tablet=\u00bb0px\u00bb link_text_shadow_vertical_length_tablet=\u00bb0px\u00bb link_text_shadow_blur_strength_tablet=\u00bb1px\u00bb ul_text_shadow_horizontal_length_tablet=\u00bb0px\u00bb ul_text_shadow_vertical_length_tablet=\u00bb0px\u00bb ul_text_shadow_blur_strength_tablet=\u00bb1px\u00bb ol_text_shadow_horizontal_length_tablet=\u00bb0px\u00bb ol_text_shadow_vertical_length_tablet=\u00bb0px\u00bb ol_text_shadow_blur_strength_tablet=\u00bb1px\u00bb quote_text_shadow_horizontal_length_tablet=\u00bb0px\u00bb quote_text_shadow_vertical_length_tablet=\u00bb0px\u00bb quote_text_shadow_blur_strength_tablet=\u00bb1px\u00bb header_text_shadow_horizontal_length_tablet=\u00bb0px\u00bb header_text_shadow_vertical_length_tablet=\u00bb0px\u00bb header_text_shadow_blur_strength_tablet=\u00bb1px\u00bb header_2_text_shadow_horizontal_length_tablet=\u00bb0px\u00bb header_2_text_shadow_vertical_length_tablet=\u00bb0px\u00bb header_2_text_shadow_blur_strength_tablet=\u00bb1px\u00bb header_3_text_shadow_horizontal_length_tablet=\u00bb0px\u00bb header_3_text_shadow_vertical_length_tablet=\u00bb0px\u00bb header_3_text_shadow_blur_strength_tablet=\u00bb1px\u00bb header_4_text_shadow_horizontal_length_tablet=\u00bb0px\u00bb header_4_text_shadow_vertical_length_tablet=\u00bb0px\u00bb header_4_text_shadow_blur_strength_tablet=\u00bb1px\u00bb header_5_text_shadow_horizontal_length_tablet=\u00bb0px\u00bb header_5_text_shadow_vertical_length_tablet=\u00bb0px\u00bb header_5_text_shadow_blur_strength_tablet=\u00bb1px\u00bb header_6_text_shadow_horizontal_length_tablet=\u00bb0px\u00bb header_6_text_shadow_vertical_length_tablet=\u00bb0px\u00bb header_6_text_shadow_blur_strength_tablet=\u00bb1px\u00bb box_shadow_horizontal_tablet=\u00bb0px\u00bb box_shadow_vertical_tablet=\u00bb0px\u00bb box_shadow_blur_tablet=\u00bb40px\u00bb box_shadow_spread_tablet=\u00bb0px\u00bb inline_fonts=\u00bbFutura\u00bb global_colors_info=\u00bb{}\u00bb]<\/p>\n<h2><span face=\"Futura\"><span>Edici\u00f3n 2021<\/span><\/span><\/h2>\n<h3><span style=\"font-family: Futura; font-weight: normal;\">Vuelve el Festival de Rock de Andoain, en versi\u00f3n vespertina y con un ecl\u00e9ctico cartel<\/span><\/h3>\n<p><span style=\"font-family: Futura; font-weight: normal;\">Los grupos Belako, Inoren Ero Ni, Audience, R\u00fcdiger y \u00c1ngel Kaplan conforman el cartel de la XIII. edici\u00f3n <\/span><\/p>\n<p><span style=\"font-family: Futura; font-weight: normal;\">El aforo ser\u00e1 limitado y con entrada gratuita que se podr\u00e1 adquirir a partir del 4 de junio<\/span><\/p>\n<p><span style=\"font-family: Futura;\"><a href=\"https:\/\/www.bastero.eus\/es\/festival-de-rock-de-andoain\/\" target=\"_blank\" rel=\"noopener noreferrer\">M\u00e1s informaci\u00f3n<\/a><\/span><\/p>\n<p>[\/et_pb_text][\/et_pb_column][\/et_pb_row][et_pb_row _builder_version=\u00bb4.27.4&#8243; _module_preset=\u00bbdefault\u00bb hover_enabled=\u00bb0&#8243; global_colors_info=\u00bb{}\u00bb background_enable_image=\u00bboff\u00bb sticky_enabled=\u00bb0&#8243;][et_pb_column type=\u00bb4_4&#8243; _builder_version=\u00bb4.16&#8243; _module_preset=\u00bbdefault\u00bb global_colors_info=\u00bb{}\u00bb][et_pb_code _builder_version=\u00bb4.16&#8243; _module_preset=\u00bbdefault\u00bb global_colors_info=\u00bb{}\u00bb]<iframe loading=\"lazy\" width=\"560\" height=\"315\" src=\"https:\/\/www.youtube.com\/embed\/zdljXWoaQuU\" title=\"YouTube video player\" frameborder=\"0\" allow=\"accelerometer; autoplay; clipboard-write; encrypted-media; gyroscope; picture-in-picture\" allowfullscreen><\/iframe>[\/et_pb_code][\/et_pb_column][\/et_pb_row][\/et_pb_section][et_pb_section fb_built=\u00bb1&#8243; _builder_version=\u00bb3.22&#8243; custom_margin=\u00bb0px||0px|\u00bb custom_padding=\u00bb0px||0px|\u00bb global_module=\u00bb4507&#8243; saved_tabs=\u00bball\u00bb locked=\u00bboff\u00bb global_colors_info=\u00bb{}\u00bb][et_pb_row column_structure=\u00bb1_4,1_4,1_4,1_4&#8243; use_custom_gutter=\u00bbon\u00bb gutter_width=\u00bb1&#8243; make_equal=\u00bbon\u00bb module_class=\u00bbdestakatuak et_pb_row_fullwidth\u00bb _builder_version=\u00bb4.16&#8243; width=\u00bb100%\u00bb width_tablet=\u00bb100%\u00bb width_phone=\u00bb\u00bb width_last_edited=\u00bbon|desktop\u00bb max_width=\u00bb100%\u00bb max_width_tablet=\u00bb100%\u00bb max_width_phone=\u00bb\u00bb max_width_last_edited=\u00bbon|desktop\u00bb custom_margin=\u00bb2px|2px|2px|2px|false|false\u00bb custom_padding=\u00bb0px||0px|\u00bb make_fullwidth=\u00bbon\u00bb global_colors_info=\u00bb{}\u00bb][et_pb_column type=\u00bb1_4&#8243; module_class=\u00bbagenda\u00bb _builder_version=\u00bb4.16&#8243; custom_padding=\u00bb|||\u00bb global_colors_info=\u00bb{}\u00bb custom_padding__hover=\u00bb|||\u00bb][et_pb_code _builder_version=\u00bb4.16&#8243; global_colors_info=\u00bb{}\u00bb]<a href=\"https:\/\/www.bastero.eus\/es\/boletin\/\"><!-- [et_pb_line_break_holder] --> <\/p>\n<h3>BOLETIN<!\u2013- [et_pb_br_holder] -\u2013><!-- [et_pb_line_break_holder] -->ELECTR\u00d3NICO<\/h3>\n<p><!-- [et_pb_line_break_holder] --><pee>La programaci\u00f3n mensual<!\u2013- [et_pb_br_holder] -\u2013><!-- [et_pb_line_break_holder] -->en tu buz\u00f3n<\/pee><!-- [et_pb_line_break_holder] --><\/a>[\/et_pb_code][\/et_pb_column][et_pb_column type=\u00bb1_4&#8243; module_class=\u00bbbazkide\u00bb _builder_version=\u00bb4.16&#8243; custom_padding=\u00bb|||\u00bb global_colors_info=\u00bb{}\u00bb custom_padding__hover=\u00bb|||\u00bb][et_pb_code _builder_version=\u00bb4.16&#8243; global_colors_info=\u00bb{}\u00bb]<a href=\"https:\/\/www.bastero.eus\/es\/socios\/\"><!-- [et_pb_line_break_holder] --><\/p>\n<h3>HAZTE<!\u2013- [et_pb_br_holder] -\u2013>SOCIO<\/h3>\n<p><!-- [et_pb_line_break_holder] --><pee>Disfruta de <!\u2013- [et_pb_br_holder] -\u2013>ventajas y sorteos.<\/pee><!-- [et_pb_line_break_holder] --><\/a>[\/et_pb_code][\/et_pb_column][et_pb_column type=\u00bb1_4&#8243; module_class=\u00bbaretoak\u00bb _builder_version=\u00bb4.16&#8243; custom_padding=\u00bb|||\u00bb global_colors_info=\u00bb{}\u00bb custom_padding__hover=\u00bb|||\u00bb][et_pb_code _builder_version=\u00bb4.16&#8243; global_colors_info=\u00bb{}\u00bb]<a href=\"https:\/\/www.bastero.eus\/es\/sobre-centro\/\"><!-- [et_pb_line_break_holder] --><\/p>\n<h3>ALQUILER DE<!\u2013- [et_pb_br_holder] -\u2013>ESPACIOS<\/h3>\n<p><!-- [et_pb_line_break_holder] --><pee>Sala de distintos tama\u00f1os<!\u2013- [et_pb_br_holder] -\u2013>y precios<\/pee><!-- [et_pb_line_break_holder] --><\/a>[\/et_pb_code][\/et_pb_column][et_pb_column type=\u00bb1_4&#8243; module_class=\u00bbiruzkina\u00bb _builder_version=\u00bb4.16&#8243; custom_padding=\u00bb|||\u00bb global_colors_info=\u00bb{}\u00bb custom_padding__hover=\u00bb|||\u00bb][et_pb_code _builder_version=\u00bb4.16&#8243; global_colors_info=\u00bb{}\u00bb]<a href=\"https:\/\/www.bastero.eus\/es\/contacto\/\"><!-- [et_pb_line_break_holder] --><\/p>\n<h3>ENV\u00cdANOS TU<!\u2013- [et_pb_br_holder] -\u2013>OPINI\u00d3N<\/h3>\n<p><!-- [et_pb_line_break_holder] --><pee>Mejoremos Bastero con<!\u2013- [et_pb_br_holder] -\u2013>las aportaciones de todos<\/pee><!-- [et_pb_line_break_holder] --><\/a>[\/et_pb_code][\/et_pb_column][\/et_pb_row][\/et_pb_section]<\/p>\n","protected":false},"excerpt":{"rendered":"<p>Festival de Rock de AndoainEdici\u00f3n 2024 XVI. El Festival de Rock de Andoain traer\u00e1 a grupos internacionales y locales de rock. El festival, que se celebrar\u00e1 el 15 de junio, tendr\u00e1 como protagonistas a varios grupos vascos e internacionales. Entre ellos, Ithaka, Pinpilinpussies, Howlin&#8217; Jaws, The Bug Club, Goat Girl y Tramhaus compartir\u00e1n escenario en [&hellip;]<\/p>\n","protected":false},"author":2,"featured_media":0,"parent":11424,"menu_order":96,"comment_status":"closed","ping_status":"closed","template":"","meta":{"_acf_changed":false,"_et_pb_use_builder":"on","_et_pb_old_content":"","_et_gb_content_width":"","footnotes":""},"class_list":["post-7318","page","type-page","status-publish","hentry"],"acf":[],"yoast_head":"<!-- This site is optimized with the Yoast SEO plugin v26.6 - https:\/\/yoast.com\/wordpress\/plugins\/seo\/ -->\n<title>Festival de Rock - Bastero<\/title>\n<meta name=\"robots\" content=\"index, follow, max-snippet:-1, max-image-preview:large, max-video-preview:-1\" \/>\n<link rel=\"canonical\" href=\"https:\/\/www.bastero.eus\/es\/programacion-especial\/festival-de-rock\/\" \/>\n<meta property=\"og:locale\" content=\"es_ES\" \/>\n<meta property=\"og:type\" content=\"article\" \/>\n<meta property=\"og:title\" content=\"Festival de Rock - Bastero\" \/>\n<meta property=\"og:description\" content=\"Festival de Rock de AndoainEdici\u00f3n 2024 XVI. El Festival de Rock de Andoain traer\u00e1 a grupos internacionales y locales de rock. El festival, que se celebrar\u00e1 el 15 de junio, tendr\u00e1 como protagonistas a varios grupos vascos e internacionales. Entre ellos, Ithaka, Pinpilinpussies, Howlin&#039; Jaws, The Bug Club, Goat Girl y Tramhaus compartir\u00e1n escenario en [&hellip;]\" \/>\n<meta property=\"og:url\" content=\"https:\/\/www.bastero.eus\/es\/programacion-especial\/festival-de-rock\/\" \/>\n<meta property=\"og:site_name\" content=\"Bastero\" \/>\n<meta property=\"article:publisher\" content=\"https:\/\/www.facebook.com\/BasteroAndoain\/\" \/>\n<meta property=\"article:modified_time\" content=\"2025-07-03T09:55:19+00:00\" \/>\n<meta name=\"twitter:card\" content=\"summary_large_image\" \/>\n<meta name=\"twitter:site\" content=\"@Bastero_Andoain\" \/>\n<meta name=\"twitter:label1\" content=\"Tiempo de lectura\" \/>\n\t<meta name=\"twitter:data1\" content=\"3 minutos\" \/>\n<script type=\"application\/ld+json\" class=\"yoast-schema-graph\">{\"@context\":\"https:\/\/schema.org\",\"@graph\":[{\"@type\":\"WebPage\",\"@id\":\"https:\/\/www.bastero.eus\/es\/programacion-especial\/festival-de-rock\/\",\"url\":\"https:\/\/www.bastero.eus\/es\/programacion-especial\/festival-de-rock\/\",\"name\":\"Festival de Rock - Bastero\",\"isPartOf\":{\"@id\":\"https:\/\/www.bastero.eus\/eu\/#website\"},\"datePublished\":\"2021-06-21T13:38:04+00:00\",\"dateModified\":\"2025-07-03T09:55:19+00:00\",\"breadcrumb\":{\"@id\":\"https:\/\/www.bastero.eus\/es\/programacion-especial\/festival-de-rock\/#breadcrumb\"},\"inLanguage\":\"es\",\"potentialAction\":[{\"@type\":\"ReadAction\",\"target\":[\"https:\/\/www.bastero.eus\/es\/programacion-especial\/festival-de-rock\/\"]}]},{\"@type\":\"BreadcrumbList\",\"@id\":\"https:\/\/www.bastero.eus\/es\/programacion-especial\/festival-de-rock\/#breadcrumb\",\"itemListElement\":[{\"@type\":\"ListItem\",\"position\":1,\"name\":\"Portada\",\"item\":\"https:\/\/www.bastero.eus\/es\/\"},{\"@type\":\"ListItem\",\"position\":2,\"name\":\"Programaci\u00f3n especial\",\"item\":\"https:\/\/www.bastero.eus\/es\/programacion-especial\/\"},{\"@type\":\"ListItem\",\"position\":3,\"name\":\"Festival de Rock\"}]},{\"@type\":\"WebSite\",\"@id\":\"https:\/\/www.bastero.eus\/eu\/#website\",\"url\":\"https:\/\/www.bastero.eus\/eu\/\",\"name\":\"Bastero Kulturgunea\",\"description\":\"Andoaingo kultur gunea\",\"publisher\":{\"@id\":\"https:\/\/www.bastero.eus\/eu\/#organization\"},\"potentialAction\":[{\"@type\":\"SearchAction\",\"target\":{\"@type\":\"EntryPoint\",\"urlTemplate\":\"https:\/\/www.bastero.eus\/eu\/?s={search_term_string}\"},\"query-input\":{\"@type\":\"PropertyValueSpecification\",\"valueRequired\":true,\"valueName\":\"search_term_string\"}}],\"inLanguage\":\"es\"},{\"@type\":\"Organization\",\"@id\":\"https:\/\/www.bastero.eus\/eu\/#organization\",\"name\":\"Bastero Kulturgunea\",\"url\":\"https:\/\/www.bastero.eus\/eu\/\",\"logo\":{\"@type\":\"ImageObject\",\"inLanguage\":\"es\",\"@id\":\"https:\/\/www.bastero.eus\/eu\/#\/schema\/logo\/image\/\",\"url\":\"https:\/\/www.bastero.eus\/wp-content\/uploads\/2017\/10\/bastero.jpg\",\"contentUrl\":\"https:\/\/www.bastero.eus\/wp-content\/uploads\/2017\/10\/bastero.jpg\",\"width\":350,\"height\":278,\"caption\":\"Bastero Kulturgunea\"},\"image\":{\"@id\":\"https:\/\/www.bastero.eus\/eu\/#\/schema\/logo\/image\/\"},\"sameAs\":[\"https:\/\/www.facebook.com\/BasteroAndoain\/\",\"https:\/\/x.com\/Bastero_Andoain\"]}]}<\/script>\n<!-- \/ Yoast SEO plugin. -->","yoast_head_json":{"title":"Festival de Rock - Bastero","robots":{"index":"index","follow":"follow","max-snippet":"max-snippet:-1","max-image-preview":"max-image-preview:large","max-video-preview":"max-video-preview:-1"},"canonical":"https:\/\/www.bastero.eus\/es\/programacion-especial\/festival-de-rock\/","og_locale":"es_ES","og_type":"article","og_title":"Festival de Rock - Bastero","og_description":"Festival de Rock de AndoainEdici\u00f3n 2024 XVI. El Festival de Rock de Andoain traer\u00e1 a grupos internacionales y locales de rock. El festival, que se celebrar\u00e1 el 15 de junio, tendr\u00e1 como protagonistas a varios grupos vascos e internacionales. Entre ellos, Ithaka, Pinpilinpussies, Howlin' Jaws, The Bug Club, Goat Girl y Tramhaus compartir\u00e1n escenario en [&hellip;]","og_url":"https:\/\/www.bastero.eus\/es\/programacion-especial\/festival-de-rock\/","og_site_name":"Bastero","article_publisher":"https:\/\/www.facebook.com\/BasteroAndoain\/","article_modified_time":"2025-07-03T09:55:19+00:00","twitter_card":"summary_large_image","twitter_site":"@Bastero_Andoain","twitter_misc":{"Tiempo de lectura":"3 minutos"},"schema":{"@context":"https:\/\/schema.org","@graph":[{"@type":"WebPage","@id":"https:\/\/www.bastero.eus\/es\/programacion-especial\/festival-de-rock\/","url":"https:\/\/www.bastero.eus\/es\/programacion-especial\/festival-de-rock\/","name":"Festival de Rock - Bastero","isPartOf":{"@id":"https:\/\/www.bastero.eus\/eu\/#website"},"datePublished":"2021-06-21T13:38:04+00:00","dateModified":"2025-07-03T09:55:19+00:00","breadcrumb":{"@id":"https:\/\/www.bastero.eus\/es\/programacion-especial\/festival-de-rock\/#breadcrumb"},"inLanguage":"es","potentialAction":[{"@type":"ReadAction","target":["https:\/\/www.bastero.eus\/es\/programacion-especial\/festival-de-rock\/"]}]},{"@type":"BreadcrumbList","@id":"https:\/\/www.bastero.eus\/es\/programacion-especial\/festival-de-rock\/#breadcrumb","itemListElement":[{"@type":"ListItem","position":1,"name":"Portada","item":"https:\/\/www.bastero.eus\/es\/"},{"@type":"ListItem","position":2,"name":"Programaci\u00f3n especial","item":"https:\/\/www.bastero.eus\/es\/programacion-especial\/"},{"@type":"ListItem","position":3,"name":"Festival de Rock"}]},{"@type":"WebSite","@id":"https:\/\/www.bastero.eus\/eu\/#website","url":"https:\/\/www.bastero.eus\/eu\/","name":"Bastero Kulturgunea","description":"Andoaingo kultur gunea","publisher":{"@id":"https:\/\/www.bastero.eus\/eu\/#organization"},"potentialAction":[{"@type":"SearchAction","target":{"@type":"EntryPoint","urlTemplate":"https:\/\/www.bastero.eus\/eu\/?s={search_term_string}"},"query-input":{"@type":"PropertyValueSpecification","valueRequired":true,"valueName":"search_term_string"}}],"inLanguage":"es"},{"@type":"Organization","@id":"https:\/\/www.bastero.eus\/eu\/#organization","name":"Bastero Kulturgunea","url":"https:\/\/www.bastero.eus\/eu\/","logo":{"@type":"ImageObject","inLanguage":"es","@id":"https:\/\/www.bastero.eus\/eu\/#\/schema\/logo\/image\/","url":"https:\/\/www.bastero.eus\/wp-content\/uploads\/2017\/10\/bastero.jpg","contentUrl":"https:\/\/www.bastero.eus\/wp-content\/uploads\/2017\/10\/bastero.jpg","width":350,"height":278,"caption":"Bastero Kulturgunea"},"image":{"@id":"https:\/\/www.bastero.eus\/eu\/#\/schema\/logo\/image\/"},"sameAs":["https:\/\/www.facebook.com\/BasteroAndoain\/","https:\/\/x.com\/Bastero_Andoain"]}]}},"_links":{"self":[{"href":"https:\/\/www.bastero.eus\/es\/wp-json\/wp\/v2\/pages\/7318","targetHints":{"allow":["GET"]}}],"collection":[{"href":"https:\/\/www.bastero.eus\/es\/wp-json\/wp\/v2\/pages"}],"about":[{"href":"https:\/\/www.bastero.eus\/es\/wp-json\/wp\/v2\/types\/page"}],"author":[{"embeddable":true,"href":"https:\/\/www.bastero.eus\/es\/wp-json\/wp\/v2\/users\/2"}],"replies":[{"embeddable":true,"href":"https:\/\/www.bastero.eus\/es\/wp-json\/wp\/v2\/comments?post=7318"}],"version-history":[{"count":23,"href":"https:\/\/www.bastero.eus\/es\/wp-json\/wp\/v2\/pages\/7318\/revisions"}],"predecessor-version":[{"id":13544,"href":"https:\/\/www.bastero.eus\/es\/wp-json\/wp\/v2\/pages\/7318\/revisions\/13544"}],"up":[{"embeddable":true,"href":"https:\/\/www.bastero.eus\/es\/wp-json\/wp\/v2\/pages\/11424"}],"wp:attachment":[{"href":"https:\/\/www.bastero.eus\/es\/wp-json\/wp\/v2\/media?parent=7318"}],"curies":[{"name":"wp","href":"https:\/\/api.w.org\/{rel}","templated":true}]}}