{"id":612,"date":"2018-09-11T08:46:33","date_gmt":"2018-09-11T06:46:33","guid":{"rendered":"https:\/\/www.bastero.eus\/?page_id=612"},"modified":"2023-11-29T09:03:04","modified_gmt":"2023-11-29T07:03:04","slug":"aviso-legal","status":"publish","type":"page","link":"https:\/\/www.bastero.eus\/es\/aviso-legal\/","title":{"rendered":"Aviso legal"},"content":{"rendered":"<h2>Titular de la web<\/h2>\n<ul>\n<li><strong>Dominio:<\/strong> www.bastero.eus<\/li>\n<li><strong>e-mail<\/strong>: bastero@andoain.eus<\/li>\n<li><strong>Titular<\/strong>: Andoaingo Udala<\/li>\n<li><strong>Domicilio<\/strong>: Goikoplaza z\/g<\/li>\n<li><strong>Tel\u00e9fono<\/strong>: 943 30 08 30<\/li>\n<\/ul>\n<h2>T\u00e9rminos y condiciones de uso del lugar<\/h2>\n<ul>\n<li>Este es un sitio web que este Ayuntamiento pone a disposici\u00f3n de los\/as ciudadanos\/as de este municipio y de todas las personas usuarias de Internet. Su objetivo es suministrar servicio e informaci\u00f3n a dichos usuarios\/as y proyectar y dar a conocer as\u00ed nuestro pueblo y su actividad.<\/li>\n<li>Todos los derechos est\u00e1n reservados. No est\u00e1 permitida la modificaci\u00f3n de la web ni de sus contenidos.<\/li>\n<li>La informaci\u00f3n administrativa facilitada a trav\u00e9s de esta web no sustituye la publicidad de los documentos que deban publicarse en Diarios y Boletines Oficiales, cuya edici\u00f3n es instrumento que da fe de su contenido.<\/li>\n<li>Este Ayuntamiento no es responsable del contenido, exactitud y actualizaci\u00f3n de la informaci\u00f3n que proviene de otras personas f\u00edsicas o jur\u00eddicas y que conste en el lugar web o a la que se remita a partir de enlaces u otros sistemas.<\/li>\n<li>Este Ayuntamiento no se hace responsable del uso por terceras personas o entidades de la informaci\u00f3n contenida, si bien \u00e9stas tendr\u00e1n que atenerse a las advertencias que consten para determinados documentos y aplicativos.<\/li>\n<li>Este Ayuntamiento no garantiza que la web y el servidor est\u00e9n libres de virus y no se hace responsable de los da\u00f1os causados por el acceso al lugar web o por la imposibilidad de acceder al mismo.<\/li>\n<li>Este Ayuntamiento se reserva el derecho a modificar y ampliar contenidos, informaciones, aplicativos, etc., de este lugar web en cualquier momento y sin previo aviso.<\/li>\n<li>El inter\u00e9s de este Ayuntamiento es el de que este lugar web funcione con la m\u00e1xima eficacia y cumpla la finalidad para la que ha sido creado y por ello lo mantiene, poniendo todos los medios razonables para conseguirlo, pero no se responsabiliza de posibles disfunciones o anomal\u00edas en su funcionamiento.<\/li>\n<li>Este Ayuntamiento podr\u00e1 modificar los t\u00e9rminos y condiciones que aparecen en esta p\u00e1gina web y, por tanto, aconseja su consulta con una periodicidad razonable por si se producen cambios en los mismos.<\/li>\n<li>El uso de este lugar web implica la aceptaci\u00f3n de los t\u00e9rminos y condiciones contenidos en el mismo.<\/li>\n<li>Para cualquier aclaraci\u00f3n, informaci\u00f3n, sugerencia, queja, etc., pueden utilizar el buz\u00f3n de sugerencias de esta web.<\/li>\n<\/ul>\n<h2>Condiciones generales de uso y pol\u00edtica de protecci\u00f3n de datos de car\u00e1cter personal<\/h2>\n<p>Por favor, leer atentamente estas condiciones de uso antes de utilizar este sitio web. La utilizaci\u00f3n de este sitio web supone que el usuario o usuaria reconoce impl\u00edcitamente que acepta las condiciones. Si no est\u00e1 de acuerdo con las mismas o tiene alguna duda le rogamos que no se registre ni utilice este sitio web.<\/p>\n<h2>Pol\u00edtica de protecci\u00f3n de datos<\/h2>\n<ul>\n<li>Esta p\u00e1gina web tiene como prop\u00f3sito principal informar y facilitar informaci\u00f3n a los ciudadanos y ciudadanas de nuestro municipio.<\/li>\n<li>Este Ayuntamiento asume las obligaciones legales en materia de protecci\u00f3n de datos de car\u00e1cter personal, especialmente en lo referido a:\n<ol>\n<li>La existencia de ficheros o tratamientos con datos de car\u00e1cter personal.<\/li>\n<li>La finalidad de la recogida de datos.<\/li>\n<li>Los destinatarios o destinatarias de la informaci\u00f3n.<\/li>\n<li>El car\u00e1cter facultativo u obligatorio de las preguntas que hagamos.<\/li>\n<li>Las consecuencias de la obtenci\u00f3n de los datos o de la negativa a suministrarlos.<\/li>\n<li>La posibilidad de ejercitar los derechos de acceso, rectificaci\u00f3n, cancelaci\u00f3n y oposici\u00f3n.<\/li>\n<li>La identidad y direcci\u00f3n de la persona responsable del tratamiento en su caso de su representante.<\/li>\n<\/ol>\n<\/li>\n<li>Es deseo de este Ayuntamiento que el usuario o usuaria cuente con la informaci\u00f3n adecuada para decidir de forma expresa, libre y voluntaria si desea facilitar sus datos en la forma que se requiere.<\/li>\n<li>En este sentido se informa al usuario o usuaria que sus datos ser\u00e1n incorporados a alg\u00fan fichero automatizado, cuyo responsable es este Ayuntamiento.<\/li>\n<li>Salvo que se se\u00f1ale lo contrario en cada caso, los datos que se recogen en los formularios son necesarios y obligatorios para poder acceder y prestar los servicios establecidos en la web. El usuario o usuaria debe rellenar los formularios con datos verdaderos, exactos y completos, respondiendo de los da\u00f1os y perjuicios que puedan ocasionar en caso de cumplimentaci\u00f3n defectuosa, con datos falsos, inexactos, incompletos o no actualizados.<\/li>\n<li>El Ayuntamiento tiene el compromiso de adoptar los niveles de seguridad de protecci\u00f3n de datos personales exigidos en la legislaci\u00f3n vigente, instalando al efecto las medidas t\u00e9cnicas y organizativas necesarias para evitar la p\u00e9rdida, mal uso, alteraci\u00f3n, acceso no autorizado y dem\u00e1s riesgos posibles. El Ayuntamiento se obliga asimismo a cumplir con la obligaci\u00f3n de secreto respecto de los datos contenidos en los ficheros automatizados establecidos en la legislaci\u00f3n vigente.<\/li>\n<li>El usuario o usuaria o persona que lo\/la represente, podr\u00e1n ejercitar en cualquier momento el derecho de acceso, rectificaci\u00f3n, cancelaci\u00f3n, y, en su caso, oposici\u00f3n de acuerdo a lo establecido en la Ley Org\u00e1nica de Protecci\u00f3n de Datos y dem\u00e1s normativas aplicables al efecto, dirigiendo una comunicaci\u00f3n escrita por v\u00eda electr\u00f3nica.<\/li>\n<li>Nuestra preocupaci\u00f3n prioritaria es la seguridad del almacenamiento de los datos personalmente identificadores del usuario o usuaria. Ponemos un gran cuidado al transmitir los datos desde el ordenador del usuario o usuaria a nuestros servidores.<\/li>\n<li>S\u00f3lo los empleados y empleadas que necesitan acceder a los datos de los usuarios y usuarias para realizar su trabajo tienen acceso a los mismos. Cualquier empleado o empleada que viole nuestras pol\u00edticas de protecci\u00f3n de datos y\/o de seguridad estar\u00e1 sujeto\/a a acciones disciplinarias.<\/li>\n<li>Finalmente se recomienda que en caso de que el usuario o usuaria no est\u00e9 utilizando un ordenador propio, no olvide cerrar la sesi\u00f3n antes de salir de la web municipal ni cerrar su navegador cuando haya terminado la navegaci\u00f3n por el mismo. Esto es para asegurar que nadie pueda acceder a los datos personales ni a la correspondencia del usuario o usuaria en caso de que su ordenador sea accesible por terceras personas o si lo comparte con otros\/as o si utiliza un ordenador en un local p\u00fablico tal como una biblioteca o un \u00abInternet caf\u00e9\u00bb.<\/li>\n<\/ul>\n<h2>Aceptaci\u00f3n de las presentes condiciones<\/h2>\n<p>Al utilizar esta web, asumimos que el usuario o usuaria ha le\u00eddo este documento cuidadosamente y que ha entendido y seguido sus consejos. En caso de que el usuario o usuaria no est\u00e9 de acuerdo con esta pol\u00edtica de protecci\u00f3n de datos o con los consejos que a trav\u00e9s de la misma se dan, por favor no utilice nuestra p\u00e1gina web. Nos reservamos el derecho a modificar la presente condici\u00f3n de uso cuando consideremos que es necesario. La continuidad por el usuario o usuaria en el uso de este y de otras web del Ayuntamiento despu\u00e9s de haber introducido dichos cambios implicar\u00e1 la total aceptaci\u00f3n de los mismos. <\/p>\n","protected":false},"excerpt":{"rendered":"<p>Titular de la web Dominio: www.bastero.eus e-mail: bastero@andoain.eus Titular: Andoaingo Udala Domicilio: Goikoplaza z\/g Tel\u00e9fono: 943 30 08 30 T\u00e9rminos y condiciones de uso del lugar Este es un sitio web que este Ayuntamiento pone a disposici\u00f3n de los\/as ciudadanos\/as de este municipio y de todas las personas usuarias de Internet. Su objetivo es suministrar [&hellip;]<\/p>\n","protected":false},"author":1,"featured_media":0,"parent":0,"menu_order":108,"comment_status":"closed","ping_status":"closed","template":"","meta":{"_acf_changed":false,"_et_pb_use_builder":"","_et_pb_old_content":"","_et_gb_content_width":"","footnotes":""},"class_list":["post-612","page","type-page","status-publish","hentry"],"acf":[],"yoast_head":"<!-- This site is optimized with the Yoast SEO plugin v26.6 - https:\/\/yoast.com\/wordpress\/plugins\/seo\/ -->\n<title>Aviso legal - Bastero<\/title>\n<meta name=\"robots\" content=\"index, follow, max-snippet:-1, max-image-preview:large, max-video-preview:-1\" \/>\n<link rel=\"canonical\" href=\"https:\/\/www.bastero.eus\/eu\/lege-oharra\/\" \/>\n<meta property=\"og:locale\" content=\"es_ES\" \/>\n<meta property=\"og:type\" content=\"article\" \/>\n<meta property=\"og:title\" content=\"Aviso legal - Bastero\" \/>\n<meta property=\"og:description\" content=\"Titular de la web Dominio: www.bastero.eus e-mail: bastero@andoain.eus Titular: Andoaingo Udala Domicilio: Goikoplaza z\/g Tel\u00e9fono: 943 30 08 30 T\u00e9rminos y condiciones de uso del lugar Este es un sitio web que este Ayuntamiento pone a disposici\u00f3n de los\/as ciudadanos\/as de este municipio y de todas las personas usuarias de Internet. Su objetivo es suministrar [&hellip;]\" \/>\n<meta property=\"og:url\" content=\"https:\/\/www.bastero.eus\/eu\/lege-oharra\/\" \/>\n<meta property=\"og:site_name\" content=\"Bastero\" \/>\n<meta property=\"article:publisher\" content=\"https:\/\/www.facebook.com\/BasteroAndoain\/\" \/>\n<meta property=\"article:modified_time\" content=\"2023-11-29T07:03:04+00:00\" \/>\n<meta name=\"twitter:card\" content=\"summary_large_image\" \/>\n<meta name=\"twitter:site\" content=\"@Bastero_Andoain\" \/>\n<meta name=\"twitter:label1\" content=\"Tiempo de lectura\" \/>\n\t<meta name=\"twitter:data1\" content=\"6 minutos\" \/>\n<script type=\"application\/ld+json\" class=\"yoast-schema-graph\">{\"@context\":\"https:\/\/schema.org\",\"@graph\":[{\"@type\":\"WebPage\",\"@id\":\"https:\/\/www.bastero.eus\/eu\/lege-oharra\/\",\"url\":\"https:\/\/www.bastero.eus\/eu\/lege-oharra\/\",\"name\":\"Aviso legal - Bastero\",\"isPartOf\":{\"@id\":\"https:\/\/www.bastero.eus\/eu\/#website\"},\"datePublished\":\"2018-09-11T06:46:33+00:00\",\"dateModified\":\"2023-11-29T07:03:04+00:00\",\"breadcrumb\":{\"@id\":\"https:\/\/www.bastero.eus\/eu\/lege-oharra\/#breadcrumb\"},\"inLanguage\":\"es\",\"potentialAction\":[{\"@type\":\"ReadAction\",\"target\":[\"https:\/\/www.bastero.eus\/eu\/lege-oharra\/\"]}]},{\"@type\":\"BreadcrumbList\",\"@id\":\"https:\/\/www.bastero.eus\/eu\/lege-oharra\/#breadcrumb\",\"itemListElement\":[{\"@type\":\"ListItem\",\"position\":1,\"name\":\"Portada\",\"item\":\"https:\/\/www.bastero.eus\/es\/\"},{\"@type\":\"ListItem\",\"position\":2,\"name\":\"Aviso legal\"}]},{\"@type\":\"WebSite\",\"@id\":\"https:\/\/www.bastero.eus\/eu\/#website\",\"url\":\"https:\/\/www.bastero.eus\/eu\/\",\"name\":\"Bastero Kulturgunea\",\"description\":\"Andoaingo kultur gunea\",\"publisher\":{\"@id\":\"https:\/\/www.bastero.eus\/eu\/#organization\"},\"potentialAction\":[{\"@type\":\"SearchAction\",\"target\":{\"@type\":\"EntryPoint\",\"urlTemplate\":\"https:\/\/www.bastero.eus\/eu\/?s={search_term_string}\"},\"query-input\":{\"@type\":\"PropertyValueSpecification\",\"valueRequired\":true,\"valueName\":\"search_term_string\"}}],\"inLanguage\":\"es\"},{\"@type\":\"Organization\",\"@id\":\"https:\/\/www.bastero.eus\/eu\/#organization\",\"name\":\"Bastero Kulturgunea\",\"url\":\"https:\/\/www.bastero.eus\/eu\/\",\"logo\":{\"@type\":\"ImageObject\",\"inLanguage\":\"es\",\"@id\":\"https:\/\/www.bastero.eus\/eu\/#\/schema\/logo\/image\/\",\"url\":\"https:\/\/www.bastero.eus\/wp-content\/uploads\/2017\/10\/bastero.jpg\",\"contentUrl\":\"https:\/\/www.bastero.eus\/wp-content\/uploads\/2017\/10\/bastero.jpg\",\"width\":350,\"height\":278,\"caption\":\"Bastero Kulturgunea\"},\"image\":{\"@id\":\"https:\/\/www.bastero.eus\/eu\/#\/schema\/logo\/image\/\"},\"sameAs\":[\"https:\/\/www.facebook.com\/BasteroAndoain\/\",\"https:\/\/x.com\/Bastero_Andoain\"]}]}<\/script>\n<!-- \/ Yoast SEO plugin. -->","yoast_head_json":{"title":"Aviso legal - Bastero","robots":{"index":"index","follow":"follow","max-snippet":"max-snippet:-1","max-image-preview":"max-image-preview:large","max-video-preview":"max-video-preview:-1"},"canonical":"https:\/\/www.bastero.eus\/eu\/lege-oharra\/","og_locale":"es_ES","og_type":"article","og_title":"Aviso legal - Bastero","og_description":"Titular de la web Dominio: www.bastero.eus e-mail: bastero@andoain.eus Titular: Andoaingo Udala Domicilio: Goikoplaza z\/g Tel\u00e9fono: 943 30 08 30 T\u00e9rminos y condiciones de uso del lugar Este es un sitio web que este Ayuntamiento pone a disposici\u00f3n de los\/as ciudadanos\/as de este municipio y de todas las personas usuarias de Internet. Su objetivo es suministrar [&hellip;]","og_url":"https:\/\/www.bastero.eus\/eu\/lege-oharra\/","og_site_name":"Bastero","article_publisher":"https:\/\/www.facebook.com\/BasteroAndoain\/","article_modified_time":"2023-11-29T07:03:04+00:00","twitter_card":"summary_large_image","twitter_site":"@Bastero_Andoain","twitter_misc":{"Tiempo de lectura":"6 minutos"},"schema":{"@context":"https:\/\/schema.org","@graph":[{"@type":"WebPage","@id":"https:\/\/www.bastero.eus\/eu\/lege-oharra\/","url":"https:\/\/www.bastero.eus\/eu\/lege-oharra\/","name":"Aviso legal - Bastero","isPartOf":{"@id":"https:\/\/www.bastero.eus\/eu\/#website"},"datePublished":"2018-09-11T06:46:33+00:00","dateModified":"2023-11-29T07:03:04+00:00","breadcrumb":{"@id":"https:\/\/www.bastero.eus\/eu\/lege-oharra\/#breadcrumb"},"inLanguage":"es","potentialAction":[{"@type":"ReadAction","target":["https:\/\/www.bastero.eus\/eu\/lege-oharra\/"]}]},{"@type":"BreadcrumbList","@id":"https:\/\/www.bastero.eus\/eu\/lege-oharra\/#breadcrumb","itemListElement":[{"@type":"ListItem","position":1,"name":"Portada","item":"https:\/\/www.bastero.eus\/es\/"},{"@type":"ListItem","position":2,"name":"Aviso legal"}]},{"@type":"WebSite","@id":"https:\/\/www.bastero.eus\/eu\/#website","url":"https:\/\/www.bastero.eus\/eu\/","name":"Bastero Kulturgunea","description":"Andoaingo kultur gunea","publisher":{"@id":"https:\/\/www.bastero.eus\/eu\/#organization"},"potentialAction":[{"@type":"SearchAction","target":{"@type":"EntryPoint","urlTemplate":"https:\/\/www.bastero.eus\/eu\/?s={search_term_string}"},"query-input":{"@type":"PropertyValueSpecification","valueRequired":true,"valueName":"search_term_string"}}],"inLanguage":"es"},{"@type":"Organization","@id":"https:\/\/www.bastero.eus\/eu\/#organization","name":"Bastero Kulturgunea","url":"https:\/\/www.bastero.eus\/eu\/","logo":{"@type":"ImageObject","inLanguage":"es","@id":"https:\/\/www.bastero.eus\/eu\/#\/schema\/logo\/image\/","url":"https:\/\/www.bastero.eus\/wp-content\/uploads\/2017\/10\/bastero.jpg","contentUrl":"https:\/\/www.bastero.eus\/wp-content\/uploads\/2017\/10\/bastero.jpg","width":350,"height":278,"caption":"Bastero Kulturgunea"},"image":{"@id":"https:\/\/www.bastero.eus\/eu\/#\/schema\/logo\/image\/"},"sameAs":["https:\/\/www.facebook.com\/BasteroAndoain\/","https:\/\/x.com\/Bastero_Andoain"]}]}},"_links":{"self":[{"href":"https:\/\/www.bastero.eus\/es\/wp-json\/wp\/v2\/pages\/612","targetHints":{"allow":["GET"]}}],"collection":[{"href":"https:\/\/www.bastero.eus\/es\/wp-json\/wp\/v2\/pages"}],"about":[{"href":"https:\/\/www.bastero.eus\/es\/wp-json\/wp\/v2\/types\/page"}],"author":[{"embeddable":true,"href":"https:\/\/www.bastero.eus\/es\/wp-json\/wp\/v2\/users\/1"}],"replies":[{"embeddable":true,"href":"https:\/\/www.bastero.eus\/es\/wp-json\/wp\/v2\/comments?post=612"}],"version-history":[{"count":0,"href":"https:\/\/www.bastero.eus\/es\/wp-json\/wp\/v2\/pages\/612\/revisions"}],"wp:attachment":[{"href":"https:\/\/www.bastero.eus\/es\/wp-json\/wp\/v2\/media?parent=612"}],"curies":[{"name":"wp","href":"https:\/\/api.w.org\/{rel}","templated":true}]}}