{"id":603,"date":"2018-09-11T08:38:01","date_gmt":"2018-09-11T06:38:01","guid":{"rendered":"https:\/\/www.bastero.eus\/?page_id=603"},"modified":"2026-03-06T14:58:12","modified_gmt":"2026-03-06T13:58:12","slug":"sobre-centro","status":"publish","type":"page","link":"https:\/\/www.bastero.eus\/es\/sobre-centro\/","title":{"rendered":"Sobre el centro"},"content":{"rendered":"<p>[et_pb_section fb_built=\u00bb1&#8243; module_class=\u00bbkabezera\u00bb _builder_version=\u00bb4.16&#8243; background_image=\u00bbhttps:\/\/www.bastero.eus\/wp-content\/uploads\/2017\/10\/bastero_02.jpg\u00bb global_colors_info=\u00bb{}\u00bb][et_pb_row _builder_version=\u00bb4.27.4&#8243; background_enable_image=\u00bboff\u00bb background_size=\u00bbinitial\u00bb background_position=\u00bbtop_left\u00bb background_repeat=\u00bbrepeat\u00bb global_colors_info=\u00bb{}\u00bb][et_pb_column type=\u00bb4_4&#8243; _builder_version=\u00bb4.16&#8243; custom_padding=\u00bb|||\u00bb global_colors_info=\u00bb{}\u00bb custom_padding__hover=\u00bb|||\u00bb][\/et_pb_column][\/et_pb_row][\/et_pb_section][et_pb_section fb_built=\u00bb1&#8243; _builder_version=\u00bb4.16&#8243; custom_padding=\u00bb0px||0px|\u00bb global_colors_info=\u00bb{}\u00bb][et_pb_row _builder_version=\u00bb4.27.4&#8243; background_enable_image=\u00bboff\u00bb global_colors_info=\u00bb{}\u00bb][et_pb_column type=\u00bb4_4&#8243; _builder_version=\u00bb4.16&#8243; custom_padding=\u00bb|||\u00bb global_colors_info=\u00bb{}\u00bb custom_padding__hover=\u00bb|||\u00bb][et_pb_text admin_label=\u00bbGuneari buruz\u00bb _builder_version=\u00bb4.16&#8243; global_colors_info=\u00bb{}\u00bb]<\/p>\n<h1>Sobre el centro<\/h1>\n<p>[\/et_pb_text][et_pb_text _builder_version=\u00bb4.27.5&#8243; _module_preset=\u00bbdefault\u00bb hover_enabled=\u00bb0&#8243; sticky_enabled=\u00bb0&#8243;]Bastero Kulturgunea es el principal espacio cultural de Andoain y un punto de encuentro para la creaci\u00f3n, la participaci\u00f3n y la difusi\u00f3n art\u00edstica en el municipio. Situado en el centro de la localidad, este equipamiento municipal acoge a lo largo del a\u00f1o una amplia programaci\u00f3n de teatro, m\u00fasica, danza, cine, exposiciones y actividades educativas dirigidas a p\u00fablicos de todas las edades.<\/p>\n<p>Inaugurado en 2003, el edificio fue dise\u00f1ado por el arquitecto vasco Luis Pe\u00f1a Ganchegui y destaca por su car\u00e1cter contempor\u00e1neo y su concepci\u00f3n como un espacio cultural polivalente. En su interior se integran diferentes servicios y equipamientos municipales relacionados con la cultura y la educaci\u00f3n, como la Escuela Municipal de M\u00fasica, la fonoteca y las oficinas del Departamento de Educaci\u00f3n y Cultura del Ayuntamiento de Andoain.<\/p>\n<p>El centro cuenta con varios espacios esc\u00e9nicos y expositivos que permiten acoger una gran variedad de actividades. Su auditorio principal, con capacidad para unas 500 personas, est\u00e1 equipado con recursos t\u00e9cnicos para representaciones teatrales, conciertos y proyecciones cinematogr\u00e1ficas. Adem\u00e1s, dispone de un sal\u00f3n de actos con capacidad aproximada para 200 personas, una sala de exposiciones destinada a muestras temporales de artistas locales e internacionales y otras salas complementarias para reuniones o ensayos.<\/p>\n<p>Gracias a esta infraestructura y a su programaci\u00f3n continua, Bastero Kulturgunea se ha consolidado como uno de los principales referentes culturales de Andoain y de su entorno, un espacio vivo que impulsa la creaci\u00f3n art\u00edstica y facilita el acceso de la ciudadan\u00eda a la cultura.[\/et_pb_text][\/et_pb_column][\/et_pb_row][\/et_pb_section][et_pb_section fb_built=\u00bb1&#8243; _builder_version=\u00bb4.16&#8243; custom_margin=\u00bb0px|||\u00bb custom_padding=\u00bb0px|||\u00bb global_colors_info=\u00bb{}\u00bb][et_pb_row _builder_version=\u00bb4.27.4&#8243; background_enable_image=\u00bboff\u00bb custom_margin=\u00bb||0px|\u00bb custom_padding=\u00bb||0px|\u00bb global_colors_info=\u00bb{}\u00bb][et_pb_column type=\u00bb4_4&#8243; _builder_version=\u00bb4.16&#8243; custom_padding=\u00bb|||\u00bb global_colors_info=\u00bb{}\u00bb custom_padding__hover=\u00bb|||\u00bb][et_pb_text admin_label=\u00bbEraikina\u00bb _builder_version=\u00bb4.16&#8243; global_colors_info=\u00bb{}\u00bb]<\/p>\n<h2>El edificio<\/h2>\n<p>[\/et_pb_text][et_pb_slider _builder_version=\u00bb4.16&#8243; global_colors_info=\u00bb{}\u00bb button_text_size__hover_enabled=\u00bboff\u00bb button_one_text_size__hover_enabled=\u00bboff\u00bb button_two_text_size__hover_enabled=\u00bboff\u00bb button_text_color__hover_enabled=\u00bboff\u00bb button_one_text_color__hover_enabled=\u00bboff\u00bb button_two_text_color__hover_enabled=\u00bboff\u00bb button_border_width__hover_enabled=\u00bboff\u00bb button_one_border_width__hover_enabled=\u00bboff\u00bb button_two_border_width__hover_enabled=\u00bboff\u00bb button_border_color__hover_enabled=\u00bboff\u00bb button_one_border_color__hover_enabled=\u00bboff\u00bb button_two_border_color__hover_enabled=\u00bboff\u00bb button_border_radius__hover_enabled=\u00bboff\u00bb button_one_border_radius__hover_enabled=\u00bboff\u00bb button_two_border_radius__hover_enabled=\u00bboff\u00bb button_letter_spacing__hover_enabled=\u00bboff\u00bb button_one_letter_spacing__hover_enabled=\u00bboff\u00bb button_two_letter_spacing__hover_enabled=\u00bboff\u00bb button_bg_color__hover_enabled=\u00bboff\u00bb button_one_bg_color__hover_enabled=\u00bboff\u00bb button_two_bg_color__hover_enabled=\u00bboff\u00bb][et_pb_slide use_bg_overlay=\u00bboff\u00bb use_text_overlay=\u00bboff\u00bb _builder_version=\u00bb4.16&#8243; background_color=\u00bb#ffffff\u00bb background_image=\u00bbhttps:\/\/www.bastero.eus\/wp-content\/uploads\/2018\/02\/bastero-eraikina.jpg\u00bb button_on_hover=\u00bbon\u00bb global_colors_info=\u00bb{}\u00bb button_text_size__hover_enabled=\u00bboff\u00bb button_one_text_size__hover_enabled=\u00bboff\u00bb button_two_text_size__hover_enabled=\u00bboff\u00bb button_text_color__hover_enabled=\u00bboff\u00bb button_one_text_color__hover_enabled=\u00bboff\u00bb button_two_text_color__hover_enabled=\u00bboff\u00bb button_border_width__hover_enabled=\u00bboff\u00bb button_one_border_width__hover_enabled=\u00bboff\u00bb button_two_border_width__hover_enabled=\u00bboff\u00bb button_border_color__hover_enabled=\u00bboff\u00bb button_one_border_color__hover_enabled=\u00bboff\u00bb button_two_border_color__hover_enabled=\u00bboff\u00bb button_border_radius__hover_enabled=\u00bboff\u00bb button_one_border_radius__hover_enabled=\u00bboff\u00bb button_two_border_radius__hover_enabled=\u00bboff\u00bb button_letter_spacing__hover_enabled=\u00bboff\u00bb button_one_letter_spacing__hover_enabled=\u00bboff\u00bb button_two_letter_spacing__hover_enabled=\u00bboff\u00bb button_bg_color__hover_enabled=\u00bboff\u00bb button_one_bg_color__hover_enabled=\u00bboff\u00bb button_two_bg_color__hover_enabled=\u00bboff\u00bb sticky_transition=\u00bbon\u00bb][\/et_pb_slide][et_pb_slide use_bg_overlay=\u00bboff\u00bb use_text_overlay=\u00bboff\u00bb _builder_version=\u00bb4.16&#8243; background_color=\u00bb#ffffff\u00bb background_image=\u00bbhttps:\/\/www.bastero.eus\/wp-content\/uploads\/2018\/02\/bastero-eraikina_02.jpg\u00bb button_on_hover=\u00bbon\u00bb global_colors_info=\u00bb{}\u00bb button_text_size__hover_enabled=\u00bboff\u00bb button_one_text_size__hover_enabled=\u00bboff\u00bb button_two_text_size__hover_enabled=\u00bboff\u00bb button_text_color__hover_enabled=\u00bboff\u00bb button_one_text_color__hover_enabled=\u00bboff\u00bb button_two_text_color__hover_enabled=\u00bboff\u00bb button_border_width__hover_enabled=\u00bboff\u00bb button_one_border_width__hover_enabled=\u00bboff\u00bb button_two_border_width__hover_enabled=\u00bboff\u00bb button_border_color__hover_enabled=\u00bboff\u00bb button_one_border_color__hover_enabled=\u00bboff\u00bb button_two_border_color__hover_enabled=\u00bboff\u00bb button_border_radius__hover_enabled=\u00bboff\u00bb button_one_border_radius__hover_enabled=\u00bboff\u00bb button_two_border_radius__hover_enabled=\u00bboff\u00bb button_letter_spacing__hover_enabled=\u00bboff\u00bb button_one_letter_spacing__hover_enabled=\u00bboff\u00bb button_two_letter_spacing__hover_enabled=\u00bboff\u00bb button_bg_color__hover_enabled=\u00bboff\u00bb button_one_bg_color__hover_enabled=\u00bboff\u00bb button_two_bg_color__hover_enabled=\u00bboff\u00bb sticky_transition=\u00bbon\u00bb][\/et_pb_slide][et_pb_slide use_bg_overlay=\u00bboff\u00bb use_text_overlay=\u00bboff\u00bb _builder_version=\u00bb4.16&#8243; background_color=\u00bb#ffffff\u00bb background_image=\u00bbhttps:\/\/www.bastero.eus\/wp-content\/uploads\/2018\/09\/bastero.jpg\u00bb button_on_hover=\u00bbon\u00bb global_colors_info=\u00bb{}\u00bb button_text_size__hover_enabled=\u00bboff\u00bb button_one_text_size__hover_enabled=\u00bboff\u00bb button_two_text_size__hover_enabled=\u00bboff\u00bb button_text_color__hover_enabled=\u00bboff\u00bb button_one_text_color__hover_enabled=\u00bboff\u00bb button_two_text_color__hover_enabled=\u00bboff\u00bb button_border_width__hover_enabled=\u00bboff\u00bb button_one_border_width__hover_enabled=\u00bboff\u00bb button_two_border_width__hover_enabled=\u00bboff\u00bb button_border_color__hover_enabled=\u00bboff\u00bb button_one_border_color__hover_enabled=\u00bboff\u00bb button_two_border_color__hover_enabled=\u00bboff\u00bb button_border_radius__hover_enabled=\u00bboff\u00bb button_one_border_radius__hover_enabled=\u00bboff\u00bb button_two_border_radius__hover_enabled=\u00bboff\u00bb button_letter_spacing__hover_enabled=\u00bboff\u00bb button_one_letter_spacing__hover_enabled=\u00bboff\u00bb button_two_letter_spacing__hover_enabled=\u00bboff\u00bb button_bg_color__hover_enabled=\u00bboff\u00bb button_one_bg_color__hover_enabled=\u00bboff\u00bb button_two_bg_color__hover_enabled=\u00bboff\u00bb sticky_transition=\u00bbon\u00bb][\/et_pb_slide][et_pb_slide use_bg_overlay=\u00bboff\u00bb use_text_overlay=\u00bboff\u00bb _builder_version=\u00bb4.16&#8243; background_color=\u00bb#ffffff\u00bb background_image=\u00bbhttps:\/\/www.bastero.eus\/wp-content\/uploads\/2018\/09\/bastero-barrutik.jpg\u00bb button_on_hover=\u00bbon\u00bb global_colors_info=\u00bb{}\u00bb button_text_size__hover_enabled=\u00bboff\u00bb button_one_text_size__hover_enabled=\u00bboff\u00bb button_two_text_size__hover_enabled=\u00bboff\u00bb button_text_color__hover_enabled=\u00bboff\u00bb button_one_text_color__hover_enabled=\u00bboff\u00bb button_two_text_color__hover_enabled=\u00bboff\u00bb button_border_width__hover_enabled=\u00bboff\u00bb button_one_border_width__hover_enabled=\u00bboff\u00bb button_two_border_width__hover_enabled=\u00bboff\u00bb button_border_color__hover_enabled=\u00bboff\u00bb button_one_border_color__hover_enabled=\u00bboff\u00bb button_two_border_color__hover_enabled=\u00bboff\u00bb button_border_radius__hover_enabled=\u00bboff\u00bb button_one_border_radius__hover_enabled=\u00bboff\u00bb button_two_border_radius__hover_enabled=\u00bboff\u00bb button_letter_spacing__hover_enabled=\u00bboff\u00bb button_one_letter_spacing__hover_enabled=\u00bboff\u00bb button_two_letter_spacing__hover_enabled=\u00bboff\u00bb button_bg_color__hover_enabled=\u00bboff\u00bb button_one_bg_color__hover_enabled=\u00bboff\u00bb button_two_bg_color__hover_enabled=\u00bboff\u00bb sticky_transition=\u00bbon\u00bb][\/et_pb_slide][\/et_pb_slider][\/et_pb_column][\/et_pb_row][et_pb_row column_structure=\u00bb1_3,1_3,1_3&#8243; make_equal=\u00bbon\u00bb module_class=\u00bberaikina-aretoak\u00bb _builder_version=\u00bb4.27.4&#8243; background_enable_image=\u00bboff\u00bb global_colors_info=\u00bb{}\u00bb][et_pb_column type=\u00bb1_3&#8243; _builder_version=\u00bb4.16&#8243; custom_padding=\u00bb|||\u00bb global_colors_info=\u00bb{}\u00bb custom_padding__hover=\u00bb|||\u00bb][et_pb_image src=\u00bbhttps:\/\/www.bastero.eus\/wp-content\/uploads\/2018\/02\/bastero_acabado_09.jpg\u00bb show_in_lightbox=\u00bbon\u00bb align_tablet=\u00bbcenter\u00bb align_phone=\u00bb\u00bb align_last_edited=\u00bbon|desktop\u00bb _builder_version=\u00bb4.16&#8243; always_center_on_mobile=\u00bbon\u00bb global_colors_info=\u00bb{}\u00bb][\/et_pb_image][et_pb_text _builder_version=\u00bb4.16&#8243; global_colors_info=\u00bb{}\u00bb]<\/p>\n<h3>AUDITORIO<\/h3>\n<p>El auditorio es el espacio m\u00e1s grande del edificio. Cuenta con un aforo para 500 personas y gracias a las buenas condiciones t\u00e9cnicas de que dispone, se adapta f\u00e1cilmente a la diferente programaci\u00f3n que se quiera ofrecer.<\/p>\n<p>[\/et_pb_text][\/et_pb_column][et_pb_column type=\u00bb1_3&#8243; _builder_version=\u00bb4.16&#8243; custom_padding=\u00bb|||\u00bb global_colors_info=\u00bb{}\u00bb custom_padding__hover=\u00bb|||\u00bb][et_pb_image src=\u00bbhttps:\/\/www.bastero.eus\/wp-content\/uploads\/2018\/02\/ekitaldi-aretoa.jpg\u00bb show_in_lightbox=\u00bbon\u00bb align_tablet=\u00bbcenter\u00bb align_phone=\u00bb\u00bb align_last_edited=\u00bbon|desktop\u00bb _builder_version=\u00bb4.16&#8243; always_center_on_mobile=\u00bbon\u00bb global_colors_info=\u00bb{}\u00bb][\/et_pb_image][et_pb_text _builder_version=\u00bb4.16&#8243; global_colors_info=\u00bb{}\u00bb]<\/p>\n<h3>SAL\u00d3N DE ACTOS<\/h3>\n<p>Sala de modernas formas con un aforo de 200 personas. Cuenta con un escenario con equipamiento de audio, luces y v\u00eddeo. Las sillas preparadas para el p\u00fablico se pueden mover, de esa forma se consigue adaptar la sala a diferentes tipos de conciertos o eventos tales como reuniones de empresa, conferencias&#8230;<\/p>\n<p>[\/et_pb_text][\/et_pb_column][et_pb_column type=\u00bb1_3&#8243; _builder_version=\u00bb4.16&#8243; custom_padding=\u00bb|||\u00bb global_colors_info=\u00bb{}\u00bb custom_padding__hover=\u00bb|||\u00bb][et_pb_image src=\u00bbhttps:\/\/www.bastero.eus\/wp-content\/uploads\/2018\/02\/erakusketa-gela.jpg\u00bb show_in_lightbox=\u00bbon\u00bb align_tablet=\u00bbcenter\u00bb align_phone=\u00bb\u00bb align_last_edited=\u00bbon|desktop\u00bb _builder_version=\u00bb4.16&#8243; always_center_on_mobile=\u00bbon\u00bb global_colors_info=\u00bb{}\u00bb][\/et_pb_image][et_pb_text _builder_version=\u00bb4.16&#8243; global_colors_info=\u00bb{}\u00bb]<\/p>\n<h3>SALA DE EXPOSICIONES<\/h3>\n<p>En esta sala se organizan diferentes exposiciones con una duraci\u00f3n aproximada de un mes a lo largo del a\u00f1o. En ellas se pueden ver obras tanto de artistas vascos como de artistas extranjeros. Las exposiciones pueden ser individuales o colectivos y de diferentes t\u00e9cnicas, fotograf\u00eda, dibujos, esculturas\u2026\u00a0<\/p>\n<p>[\/et_pb_text][\/et_pb_column][\/et_pb_row][et_pb_row column_structure=\u00bb3_4,1_4&#8243; module_class=\u00bbalokairua\u00bb _builder_version=\u00bb4.27.4&#8243; background_enable_image=\u00bboff\u00bb global_colors_info=\u00bb{}\u00bb][et_pb_column type=\u00bb3_4&#8243; _builder_version=\u00bb4.16&#8243; custom_padding=\u00bb|||\u00bb global_colors_info=\u00bb{}\u00bb custom_padding__hover=\u00bb|||\u00bb][et_pb_text admin_label=\u00bbALQUILER DE SALAS\u00bb _builder_version=\u00bb4.27.5&#8243; hover_enabled=\u00bb0&#8243; global_colors_info=\u00bb{}\u00bb sticky_enabled=\u00bb0&#8243;]<\/p>\n<h2>ALQUILER DE LAS SALAS<\/h2>\n<p>Si tienes intenci\u00f3n de organizar alguna conferencia, presentaci\u00f3n o acto especial, las salas de Bastero Kulturgunean pueden resultar adecuadas para tus planes. Por un lado, las propias salas, gracias a las buenas prestaciones t\u00e9cnicas de las que disponen, est\u00e1n preparadas para presentar espect\u00e1culos muy variados, y por otro lado, es un edificio muy bien comunicado, para venir en coche, cerca de la salida de la N-1, al lado de un aparcamiento gratuito, estaci\u00f3n de tren a 5 minutos andando, y cerca de la estaci\u00f3n de autobuses de diferentes l\u00edneas de Lurraldebus.<\/p>\n<p><strong>Espacios y salas que pueden utilizarse:<\/strong><\/p>\n<table>\n<tbody>\n<tr>\n<td style=\"width: 112.875px;\">Auditorio<\/td>\n<td style=\"width: 91.8438px;\">500 asientos<\/td>\n<\/tr>\n<tr>\n<td style=\"width: 112.875px;\">Sal\u00f3n de actos<\/td>\n<td style=\"width: 91.8438px;\">200 asientos<\/td>\n<\/tr>\n<tr>\n<td style=\"width: 112.875px;\">Sala de reuniones<\/td>\n<td style=\"width: 91.8438px;\">10-12 asientos<\/td>\n<\/tr>\n<\/tbody>\n<\/table>\n<p>[\/et_pb_text][\/et_pb_column][et_pb_column type=\u00bb1_4&#8243; _builder_version=\u00bb4.16&#8243; custom_padding=\u00bb|||\u00bb global_colors_info=\u00bb{}\u00bb custom_padding__hover=\u00bb|||\u00bb][et_pb_text module_class=\u00bbbanner-aretoa\u00bb _builder_version=\u00bb4.27.5&#8243; background_layout=\u00bbdark\u00bb hover_enabled=\u00bb0&#8243; global_colors_info=\u00bb{}\u00bb sticky_enabled=\u00bb0&#8243;]<\/p>\n<h3>\u00bfC\u00f3mo solicitarlo?<\/h3>\n<p>Presentando el siguiente impreso en el registro del Servicio Ataria del Ayuntamiento de Andoain.<\/p>\n<p><a href=\"https:\/\/udal.egoitza.gipuzkoa.eus\/WAS\/AYTO\/USCServicioCiudadanoVer15WEB\/segundaPag.do\">Solicitud Bastero Kulturgunea<\/a><\/p>\n<h4><b>Por internet:<\/b><\/h4>\n<p><a href=\"https:\/\/uzt.gipuzkoa.eus\/WAS\/AYTO\/USCServicioCiudadanoVer15WEB\/segundaPag.do\" target=\"_blank\" rel=\"noopener noreferrer\">Servicios telem\u00e1ticos<\/a><\/p>\n<p>[\/et_pb_text][\/et_pb_column][\/et_pb_row][\/et_pb_section][et_pb_section fb_built=\u00bb1&#8243; _builder_version=\u00bb3.22&#8243; custom_margin=\u00bb0px||0px|\u00bb custom_padding=\u00bb0px||0px|\u00bb global_module=\u00bb4507&#8243; saved_tabs=\u00bball\u00bb locked=\u00bboff\u00bb global_colors_info=\u00bb{}\u00bb][et_pb_row column_structure=\u00bb1_4,1_4,1_4,1_4&#8243; use_custom_gutter=\u00bbon\u00bb gutter_width=\u00bb1&#8243; make_equal=\u00bbon\u00bb module_class=\u00bbdestakatuak et_pb_row_fullwidth\u00bb _builder_version=\u00bb4.16&#8243; width=\u00bb100%\u00bb width_tablet=\u00bb100%\u00bb width_phone=\u00bb\u00bb width_last_edited=\u00bbon|desktop\u00bb max_width=\u00bb100%\u00bb max_width_tablet=\u00bb100%\u00bb max_width_phone=\u00bb\u00bb max_width_last_edited=\u00bbon|desktop\u00bb custom_margin=\u00bb2px|2px|2px|2px|false|false\u00bb custom_padding=\u00bb0px||0px|\u00bb make_fullwidth=\u00bbon\u00bb global_colors_info=\u00bb{}\u00bb][et_pb_column type=\u00bb1_4&#8243; module_class=\u00bbagenda\u00bb _builder_version=\u00bb4.16&#8243; custom_padding=\u00bb|||\u00bb global_colors_info=\u00bb{}\u00bb custom_padding__hover=\u00bb|||\u00bb][et_pb_code _builder_version=\u00bb4.16&#8243; global_colors_info=\u00bb{}\u00bb]<a href=\"https:\/\/www.bastero.eus\/es\/boletin\/\"><!-- [et_pb_line_break_holder] --> <\/p>\n<h3>BOLETIN<!\u2013- [et_pb_br_holder] -\u2013><!-- [et_pb_line_break_holder] -->ELECTR\u00d3NICO<\/h3>\n<p><!-- [et_pb_line_break_holder] --><pee>La programaci\u00f3n mensual<!\u2013- [et_pb_br_holder] -\u2013><!-- [et_pb_line_break_holder] -->en tu buz\u00f3n<\/pee><!-- [et_pb_line_break_holder] --><\/a>[\/et_pb_code][\/et_pb_column][et_pb_column type=\u00bb1_4&#8243; module_class=\u00bbbazkide\u00bb _builder_version=\u00bb4.16&#8243; custom_padding=\u00bb|||\u00bb global_colors_info=\u00bb{}\u00bb custom_padding__hover=\u00bb|||\u00bb][et_pb_code _builder_version=\u00bb4.16&#8243; global_colors_info=\u00bb{}\u00bb]<a href=\"https:\/\/www.bastero.eus\/es\/socios\/\"><!-- [et_pb_line_break_holder] --><\/p>\n<h3>HAZTE<!\u2013- [et_pb_br_holder] -\u2013>SOCIO<\/h3>\n<p><!-- [et_pb_line_break_holder] --><pee>Disfruta de <!\u2013- [et_pb_br_holder] -\u2013>ventajas y sorteos.<\/pee><!-- [et_pb_line_break_holder] --><\/a>[\/et_pb_code][\/et_pb_column][et_pb_column type=\u00bb1_4&#8243; module_class=\u00bbaretoak\u00bb _builder_version=\u00bb4.16&#8243; custom_padding=\u00bb|||\u00bb global_colors_info=\u00bb{}\u00bb custom_padding__hover=\u00bb|||\u00bb][et_pb_code _builder_version=\u00bb4.16&#8243; global_colors_info=\u00bb{}\u00bb]<a href=\"https:\/\/www.bastero.eus\/es\/sobre-centro\/\"><!-- [et_pb_line_break_holder] --><\/p>\n<h3>ALQUILER DE<!\u2013- [et_pb_br_holder] -\u2013>ESPACIOS<\/h3>\n<p><!-- [et_pb_line_break_holder] --><pee>Sala de distintos tama\u00f1os<!\u2013- [et_pb_br_holder] -\u2013>y precios<\/pee><!-- [et_pb_line_break_holder] --><\/a>[\/et_pb_code][\/et_pb_column][et_pb_column type=\u00bb1_4&#8243; module_class=\u00bbiruzkina\u00bb _builder_version=\u00bb4.16&#8243; custom_padding=\u00bb|||\u00bb global_colors_info=\u00bb{}\u00bb custom_padding__hover=\u00bb|||\u00bb][et_pb_code _builder_version=\u00bb4.16&#8243; global_colors_info=\u00bb{}\u00bb]<a href=\"https:\/\/www.bastero.eus\/es\/contacto\/\"><!-- [et_pb_line_break_holder] --><\/p>\n<h3>ENV\u00cdANOS TU<!\u2013- [et_pb_br_holder] -\u2013>OPINI\u00d3N<\/h3>\n<p><!-- [et_pb_line_break_holder] --><pee>Mejoremos Bastero con<!\u2013- [et_pb_br_holder] -\u2013>las aportaciones de todos<\/pee><!-- [et_pb_line_break_holder] --><\/a>[\/et_pb_code][\/et_pb_column][\/et_pb_row][\/et_pb_section]<\/p>\n","protected":false},"excerpt":{"rendered":"<p>Sobre el centro Bastero Kulturgunea es el principal espacio cultural de Andoain y un punto de encuentro para la creaci\u00f3n, la participaci\u00f3n y la difusi\u00f3n art\u00edstica en el municipio. Situado en el centro de la localidad, este equipamiento municipal acoge a lo largo del a\u00f1o una amplia programaci\u00f3n de teatro, m\u00fasica, danza, cine, exposiciones y [&hellip;]<\/p>\n","protected":false},"author":1,"featured_media":0,"parent":0,"menu_order":6,"comment_status":"closed","ping_status":"closed","template":"","meta":{"_acf_changed":false,"_et_pb_use_builder":"on","_et_pb_old_content":"","_et_gb_content_width":"","footnotes":""},"class_list":["post-603","page","type-page","status-publish","hentry"],"acf":[],"yoast_head":"<!-- This site is optimized with the Yoast SEO plugin v26.6 - https:\/\/yoast.com\/wordpress\/plugins\/seo\/ -->\n<title>Sobre el centro - Bastero<\/title>\n<meta name=\"robots\" content=\"index, follow, max-snippet:-1, max-image-preview:large, max-video-preview:-1\" \/>\n<link rel=\"canonical\" href=\"https:\/\/www.bastero.eus\/es\/sobre-centro\/\" \/>\n<meta property=\"og:locale\" content=\"es_ES\" \/>\n<meta property=\"og:type\" content=\"article\" \/>\n<meta property=\"og:title\" content=\"Sobre el centro - Bastero\" \/>\n<meta property=\"og:description\" content=\"Sobre el centro Bastero Kulturgunea es el principal espacio cultural de Andoain y un punto de encuentro para la creaci\u00f3n, la participaci\u00f3n y la difusi\u00f3n art\u00edstica en el municipio. Situado en el centro de la localidad, este equipamiento municipal acoge a lo largo del a\u00f1o una amplia programaci\u00f3n de teatro, m\u00fasica, danza, cine, exposiciones y [&hellip;]\" \/>\n<meta property=\"og:url\" content=\"https:\/\/www.bastero.eus\/es\/sobre-centro\/\" \/>\n<meta property=\"og:site_name\" content=\"Bastero\" \/>\n<meta property=\"article:publisher\" content=\"https:\/\/www.facebook.com\/BasteroAndoain\/\" \/>\n<meta property=\"article:modified_time\" content=\"2026-03-06T13:58:12+00:00\" \/>\n<meta name=\"twitter:card\" content=\"summary_large_image\" \/>\n<meta name=\"twitter:site\" content=\"@Bastero_Andoain\" \/>\n<meta name=\"twitter:label1\" content=\"Tiempo de lectura\" \/>\n\t<meta name=\"twitter:data1\" content=\"4 minutos\" \/>\n<script type=\"application\/ld+json\" class=\"yoast-schema-graph\">{\"@context\":\"https:\/\/schema.org\",\"@graph\":[{\"@type\":\"WebPage\",\"@id\":\"https:\/\/www.bastero.eus\/es\/sobre-centro\/\",\"url\":\"https:\/\/www.bastero.eus\/es\/sobre-centro\/\",\"name\":\"Sobre el centro - Bastero\",\"isPartOf\":{\"@id\":\"https:\/\/www.bastero.eus\/eu\/#website\"},\"datePublished\":\"2018-09-11T06:38:01+00:00\",\"dateModified\":\"2026-03-06T13:58:12+00:00\",\"breadcrumb\":{\"@id\":\"https:\/\/www.bastero.eus\/es\/sobre-centro\/#breadcrumb\"},\"inLanguage\":\"es\",\"potentialAction\":[{\"@type\":\"ReadAction\",\"target\":[\"https:\/\/www.bastero.eus\/es\/sobre-centro\/\"]}]},{\"@type\":\"BreadcrumbList\",\"@id\":\"https:\/\/www.bastero.eus\/es\/sobre-centro\/#breadcrumb\",\"itemListElement\":[{\"@type\":\"ListItem\",\"position\":1,\"name\":\"Portada\",\"item\":\"https:\/\/www.bastero.eus\/es\/\"},{\"@type\":\"ListItem\",\"position\":2,\"name\":\"Sobre el centro\"}]},{\"@type\":\"WebSite\",\"@id\":\"https:\/\/www.bastero.eus\/eu\/#website\",\"url\":\"https:\/\/www.bastero.eus\/eu\/\",\"name\":\"Bastero Kulturgunea\",\"description\":\"Andoaingo kultur gunea\",\"publisher\":{\"@id\":\"https:\/\/www.bastero.eus\/eu\/#organization\"},\"potentialAction\":[{\"@type\":\"SearchAction\",\"target\":{\"@type\":\"EntryPoint\",\"urlTemplate\":\"https:\/\/www.bastero.eus\/eu\/?s={search_term_string}\"},\"query-input\":{\"@type\":\"PropertyValueSpecification\",\"valueRequired\":true,\"valueName\":\"search_term_string\"}}],\"inLanguage\":\"es\"},{\"@type\":\"Organization\",\"@id\":\"https:\/\/www.bastero.eus\/eu\/#organization\",\"name\":\"Bastero Kulturgunea\",\"url\":\"https:\/\/www.bastero.eus\/eu\/\",\"logo\":{\"@type\":\"ImageObject\",\"inLanguage\":\"es\",\"@id\":\"https:\/\/www.bastero.eus\/eu\/#\/schema\/logo\/image\/\",\"url\":\"https:\/\/www.bastero.eus\/wp-content\/uploads\/2017\/10\/bastero.jpg\",\"contentUrl\":\"https:\/\/www.bastero.eus\/wp-content\/uploads\/2017\/10\/bastero.jpg\",\"width\":350,\"height\":278,\"caption\":\"Bastero Kulturgunea\"},\"image\":{\"@id\":\"https:\/\/www.bastero.eus\/eu\/#\/schema\/logo\/image\/\"},\"sameAs\":[\"https:\/\/www.facebook.com\/BasteroAndoain\/\",\"https:\/\/x.com\/Bastero_Andoain\"]}]}<\/script>\n<!-- \/ Yoast SEO plugin. -->","yoast_head_json":{"title":"Sobre el centro - Bastero","robots":{"index":"index","follow":"follow","max-snippet":"max-snippet:-1","max-image-preview":"max-image-preview:large","max-video-preview":"max-video-preview:-1"},"canonical":"https:\/\/www.bastero.eus\/es\/sobre-centro\/","og_locale":"es_ES","og_type":"article","og_title":"Sobre el centro - Bastero","og_description":"Sobre el centro Bastero Kulturgunea es el principal espacio cultural de Andoain y un punto de encuentro para la creaci\u00f3n, la participaci\u00f3n y la difusi\u00f3n art\u00edstica en el municipio. Situado en el centro de la localidad, este equipamiento municipal acoge a lo largo del a\u00f1o una amplia programaci\u00f3n de teatro, m\u00fasica, danza, cine, exposiciones y [&hellip;]","og_url":"https:\/\/www.bastero.eus\/es\/sobre-centro\/","og_site_name":"Bastero","article_publisher":"https:\/\/www.facebook.com\/BasteroAndoain\/","article_modified_time":"2026-03-06T13:58:12+00:00","twitter_card":"summary_large_image","twitter_site":"@Bastero_Andoain","twitter_misc":{"Tiempo de lectura":"4 minutos"},"schema":{"@context":"https:\/\/schema.org","@graph":[{"@type":"WebPage","@id":"https:\/\/www.bastero.eus\/es\/sobre-centro\/","url":"https:\/\/www.bastero.eus\/es\/sobre-centro\/","name":"Sobre el centro - Bastero","isPartOf":{"@id":"https:\/\/www.bastero.eus\/eu\/#website"},"datePublished":"2018-09-11T06:38:01+00:00","dateModified":"2026-03-06T13:58:12+00:00","breadcrumb":{"@id":"https:\/\/www.bastero.eus\/es\/sobre-centro\/#breadcrumb"},"inLanguage":"es","potentialAction":[{"@type":"ReadAction","target":["https:\/\/www.bastero.eus\/es\/sobre-centro\/"]}]},{"@type":"BreadcrumbList","@id":"https:\/\/www.bastero.eus\/es\/sobre-centro\/#breadcrumb","itemListElement":[{"@type":"ListItem","position":1,"name":"Portada","item":"https:\/\/www.bastero.eus\/es\/"},{"@type":"ListItem","position":2,"name":"Sobre el centro"}]},{"@type":"WebSite","@id":"https:\/\/www.bastero.eus\/eu\/#website","url":"https:\/\/www.bastero.eus\/eu\/","name":"Bastero Kulturgunea","description":"Andoaingo kultur gunea","publisher":{"@id":"https:\/\/www.bastero.eus\/eu\/#organization"},"potentialAction":[{"@type":"SearchAction","target":{"@type":"EntryPoint","urlTemplate":"https:\/\/www.bastero.eus\/eu\/?s={search_term_string}"},"query-input":{"@type":"PropertyValueSpecification","valueRequired":true,"valueName":"search_term_string"}}],"inLanguage":"es"},{"@type":"Organization","@id":"https:\/\/www.bastero.eus\/eu\/#organization","name":"Bastero Kulturgunea","url":"https:\/\/www.bastero.eus\/eu\/","logo":{"@type":"ImageObject","inLanguage":"es","@id":"https:\/\/www.bastero.eus\/eu\/#\/schema\/logo\/image\/","url":"https:\/\/www.bastero.eus\/wp-content\/uploads\/2017\/10\/bastero.jpg","contentUrl":"https:\/\/www.bastero.eus\/wp-content\/uploads\/2017\/10\/bastero.jpg","width":350,"height":278,"caption":"Bastero Kulturgunea"},"image":{"@id":"https:\/\/www.bastero.eus\/eu\/#\/schema\/logo\/image\/"},"sameAs":["https:\/\/www.facebook.com\/BasteroAndoain\/","https:\/\/x.com\/Bastero_Andoain"]}]}},"_links":{"self":[{"href":"https:\/\/www.bastero.eus\/es\/wp-json\/wp\/v2\/pages\/603","targetHints":{"allow":["GET"]}}],"collection":[{"href":"https:\/\/www.bastero.eus\/es\/wp-json\/wp\/v2\/pages"}],"about":[{"href":"https:\/\/www.bastero.eus\/es\/wp-json\/wp\/v2\/types\/page"}],"author":[{"embeddable":true,"href":"https:\/\/www.bastero.eus\/es\/wp-json\/wp\/v2\/users\/1"}],"replies":[{"embeddable":true,"href":"https:\/\/www.bastero.eus\/es\/wp-json\/wp\/v2\/comments?post=603"}],"version-history":[{"count":11,"href":"https:\/\/www.bastero.eus\/es\/wp-json\/wp\/v2\/pages\/603\/revisions"}],"predecessor-version":[{"id":14445,"href":"https:\/\/www.bastero.eus\/es\/wp-json\/wp\/v2\/pages\/603\/revisions\/14445"}],"wp:attachment":[{"href":"https:\/\/www.bastero.eus\/es\/wp-json\/wp\/v2\/media?parent=603"}],"curies":[{"name":"wp","href":"https:\/\/api.w.org\/{rel}","templated":true}]}}